{"id":3208,"date":"2024-01-29T14:54:09","date_gmt":"2024-01-29T14:54:09","guid":{"rendered":"https:\/\/www.worldheritageireland.ie\/seadchomharthai-i-bhfocas\/"},"modified":"2025-01-10T11:00:05","modified_gmt":"2025-01-10T11:00:05","slug":"seadchomharthai-i-bhfocas","status":"publish","type":"page","link":"https:\/\/www.worldheritageireland.ie\/ga\/seadchomharthai-i-bhfocas\/","title":{"rendered":"S\u00e9adchomhartha\u00ed i bhF\u00f3cas"},"content":{"rendered":"\n<figure class=\"wp-block-image alignfull size-full\"><img loading=\"lazy\" decoding=\"async\" width=\"2522\" height=\"922\" src=\"https:\/\/www.worldheritageireland.ie\/wp-content\/uploads\/2024\/02\/9.png\" alt=\"\" class=\"wp-image-2949\" srcset=\"https:\/\/www.worldheritageireland.ie\/wp-content\/uploads\/2024\/02\/9.png 2522w, https:\/\/www.worldheritageireland.ie\/wp-content\/uploads\/2024\/02\/9-300x110.png 300w, https:\/\/www.worldheritageireland.ie\/wp-content\/uploads\/2024\/02\/9-1024x374.png 1024w, https:\/\/www.worldheritageireland.ie\/wp-content\/uploads\/2024\/02\/9-768x281.png 768w, https:\/\/www.worldheritageireland.ie\/wp-content\/uploads\/2024\/02\/9-50x18.png 50w, https:\/\/www.worldheritageireland.ie\/wp-content\/uploads\/2024\/02\/9-1600x585.png 1600w, https:\/\/www.worldheritageireland.ie\/wp-content\/uploads\/2024\/02\/9-1536x562.png 1536w, https:\/\/www.worldheritageireland.ie\/wp-content\/uploads\/2024\/02\/9-2048x749.png 2048w\" sizes=\"auto, (max-width: 2522px) 100vw, 2522px\" \/><\/figure>\n\n<div id=\"monuments-in-focus\" class=\"wp-block-group is-layout-constrained wp-block-group-is-layout-constrained\"><div class=\"wp-block-group__inner-container\">\n<h2 class=\"wp-block-heading alignfull\"><strong>S\u00e9adchomhartha\u00ed i bhF\u00f3cas: Taisc\u00e9ala\u00edocht Radhairc ar Oidhreacht Seand\u00e1la\u00edochta na h\u00c9ireann<\/strong><\/h2>\n\n\n\n<p class=\"has-medium-font-size\">Is iarsma\u00ed inbhraite de stair at\u00e1 thar a bheith casta agus tarraingteach iad s\u00e9adchomhartha\u00ed seand\u00e1la\u00edochta na h\u00c9ireann. Tugann 150,000 s\u00e9adchomhartha seand\u00e1la\u00edochta aithnid na h\u00c9ireann l\u00e9argas ar lonna\u00edocht daonna thar thr\u00e9imhse 12,000 bliain, mar chuid de th\u00edrdhreach oidhreachta at\u00e1 leabaithe i gcreatlach uile na t\u00edre. <\/p>\n\n\n\n<p class=\"has-medium-font-size\">Baineann an-t\u00e1bhacht leis na h\u00e1iteanna seo do phobail fud fad na h\u00c9ireann, i mbailte, i sr\u00e1idbhailte agus faoin tuath agus is l\u00e9iri\u00fa iad ar \u00f3m\u00f3s \u00e1ite, ar lean\u00fanachas agus ar athr\u00fa. T\u00e1 an oidhreacht ina foinse eolais spreag\u00fail don chult\u00far, don litr\u00edocht, don eala\u00edn agus don teanga. <\/p>\n\n\n\n<p class=\"has-medium-font-size\">Le os cionn 150 bliain anuas, is ar Oifig na nOibreacha Poibl\u00ed agus Seirbh\u00eds na S\u00e9adchomhartha\u00ed N\u00e1isi\u00fanta at\u00e1 an fhreagracht dh\u00edreach maidir le c\u00faram n\u00edos m\u00f3 n\u00e1 1,000 s\u00e9adchomhartha in \u00c9irinn, lena n-\u00e1ir\u00edtear, an d\u00e1 L\u00e1ithre\u00e1n Oidhreachta Domhanda EOECNA (UNESCO), Br\u00fa na B\u00f3inne agus Sceilg Mhich\u00edl.<\/p>\n\n\n\n<p class=\"has-medium-font-size\">Cuireann na grianghraif at\u00e1 ar taispe\u00e1int sa d\u00e1nlann seo ar na s\u00faile d\u00fainn, an bealach gur f\u00e9idir le grianghrafad\u00f3ireacht na linne seo aird a tharraingt ar n\u00e1d\u00far an tseaniarsma. T\u00e1 t\u00e1bhacht ar leith le grianghraf a ghlacadh de na s\u00e9adchomhartha\u00ed seo, ar mhaithe le taifead a choinne\u00e1il d\u00e1 gcothabh\u00e1il agus d\u00e1 gcaomhn\u00fa, agus monat\u00f3ireacht a dh\u00e9anamh ar a mbail agus an tionchar a bh\u00edonn ag creimeadh agus tarluithe adhaimsire orthu. <\/p>\n\n\n\n<p class=\"has-medium-font-size\">T\u00e1 baili\u00fach\u00e1n ollmh\u00f3r grianghraf ar f\u00e1il ag Cartlann Grianghraf Sheirbh\u00eds S\u00e9adchomhartha\u00ed N\u00e1isi\u00fanta na h\u00c9ireann agus t\u00e1 taifead anseo ar an gc\u00faram at\u00e1 curtha ar f\u00e1il do na s\u00e9adchomhartha\u00ed seo le 150 bliain anuas. Tugann na h\u00edomh\u00e1nna is luaithe, at\u00e1 ar phl\u00e1tghloine, l\u00e9argas ar na s\u00e9adchomhartha\u00ed agus ar an riocht ina bhfuil siad, agus cheapf\u00e1 agus t\u00fa ag breathn\u00fa orthu, go dt\u00e9ann siad siar sna blianta, chomh fada leis na s\u00e9adchomhartha\u00ed iad f\u00e9in. T\u00e1 na h\u00edomh\u00e1nna luatha seo thar a bheith t\u00e1bhachtach mar thaifead ar an riocht a bh\u00ed orthu san am a chuaigh thart, mar bhonnl\u00edne lena n-\u00e9asca\u00edtear monat\u00f3ireacht ar aon athr\u00fa san am at\u00e1 le teacht, a \u00e9asc\u00fa.  <\/p>\n\n\n\n<p class=\"has-medium-font-size\">T\u00e1 an-bhr\u00f3d ar \u00c9irinn na h\u00edomh\u00e1nna seo a chur i l\u00e1thair mar fhianaise d\u00e1r dtiomantais chun \u00e1r n-oidhreacht chult\u00fartha a chosaint ar mhaithe le gl\u00fanta an lae inniu agus le gl\u00fanta at\u00e1 le teacht, agus muid spreagtha ina leith seo ag na luachanna comhroinnte at\u00e1 mar bhun agus barr EOECNA.<\/p>\n\n\n\n<div style=\"height:65px\" aria-hidden=\"true\" class=\"wp-block-spacer\"><\/div>\n\n\n<a href=\"#Wall-2\"    style=\"padding-top:var(--wp--preset--spacing--50);padding-bottom:var(--wp--preset--spacing--50);padding-left:var(--wp--preset--spacing--50);padding-right:var(--wp--preset--spacing--50);\" class=\"wp-block-tiptip-hyperlink-group-block\" >\n<figure class=\"wp-block-image alignwide size-full\"><img loading=\"lazy\" decoding=\"async\" width=\"2372\" height=\"1570\" src=\"https:\/\/www.worldheritageireland.ie\/wp-content\/uploads\/2024\/02\/3.jpg\" alt=\"Balla 2\" class=\"wp-image-3054\" srcset=\"https:\/\/www.worldheritageireland.ie\/wp-content\/uploads\/2024\/02\/3.jpg 2372w, https:\/\/www.worldheritageireland.ie\/wp-content\/uploads\/2024\/02\/3-300x199.jpg 300w, https:\/\/www.worldheritageireland.ie\/wp-content\/uploads\/2024\/02\/3-1024x678.jpg 1024w, https:\/\/www.worldheritageireland.ie\/wp-content\/uploads\/2024\/02\/3-768x508.jpg 768w, https:\/\/www.worldheritageireland.ie\/wp-content\/uploads\/2024\/02\/3-50x33.jpg 50w, https:\/\/www.worldheritageireland.ie\/wp-content\/uploads\/2024\/02\/3-1600x1059.jpg 1600w, https:\/\/www.worldheritageireland.ie\/wp-content\/uploads\/2024\/02\/3-1536x1017.jpg 1536w, https:\/\/www.worldheritageireland.ie\/wp-content\/uploads\/2024\/02\/3-2048x1356.jpg 2048w\" sizes=\"auto, (max-width: 2372px) 100vw, 2372px\" \/><\/figure>\n\n<p>Clice\u00e1il anseo le haghaidh tuilleadh eolais<\/p>\n<\/a>\n\n\n<div style=\"height:65px\" aria-hidden=\"true\" class=\"wp-block-spacer\"><\/div>\n\n\n<a href=\"#Wall-3\"    style=\"padding-top:var(--wp--preset--spacing--50);padding-bottom:var(--wp--preset--spacing--50);padding-left:var(--wp--preset--spacing--50);padding-right:var(--wp--preset--spacing--50);\" class=\"wp-block-tiptip-hyperlink-group-block\" >\n<figure class=\"wp-block-image alignwide size-full\"><img loading=\"lazy\" decoding=\"async\" width=\"2560\" height=\"941\" src=\"https:\/\/www.worldheritageireland.ie\/wp-content\/uploads\/2024\/02\/2-scaled.jpg\" alt=\"Balla 3\" class=\"wp-image-3051\" srcset=\"https:\/\/www.worldheritageireland.ie\/wp-content\/uploads\/2024\/02\/2-scaled.jpg 2560w, https:\/\/www.worldheritageireland.ie\/wp-content\/uploads\/2024\/02\/2-300x110.jpg 300w, https:\/\/www.worldheritageireland.ie\/wp-content\/uploads\/2024\/02\/2-1024x376.jpg 1024w, https:\/\/www.worldheritageireland.ie\/wp-content\/uploads\/2024\/02\/2-768x282.jpg 768w, https:\/\/www.worldheritageireland.ie\/wp-content\/uploads\/2024\/02\/2-50x18.jpg 50w, https:\/\/www.worldheritageireland.ie\/wp-content\/uploads\/2024\/02\/2-1600x588.jpg 1600w, https:\/\/www.worldheritageireland.ie\/wp-content\/uploads\/2024\/02\/2-1536x564.jpg 1536w, https:\/\/www.worldheritageireland.ie\/wp-content\/uploads\/2024\/02\/2-2048x753.jpg 2048w\" sizes=\"auto, (max-width: 2560px) 100vw, 2560px\" \/><\/figure>\n\n<p>Clice\u00e1il anseo le haghaidh tuilleadh eolais<\/p>\n<\/a>\n\n\n<div style=\"height:65px\" aria-hidden=\"true\" class=\"wp-block-spacer\"><\/div>\n\n\n<a href=\"#Wall-4\"    style=\"padding-top:var(--wp--preset--spacing--50);padding-bottom:var(--wp--preset--spacing--50);padding-left:var(--wp--preset--spacing--50);padding-right:var(--wp--preset--spacing--50);\" class=\"wp-block-tiptip-hyperlink-group-block\" >\n<figure class=\"wp-block-image alignwide size-full\"><img loading=\"lazy\" decoding=\"async\" width=\"2406\" height=\"1616\" src=\"https:\/\/www.worldheritageireland.ie\/wp-content\/uploads\/2024\/02\/4.png\" alt=\"Balla 4\" class=\"wp-image-3057\" srcset=\"https:\/\/www.worldheritageireland.ie\/wp-content\/uploads\/2024\/02\/4.png 2406w, https:\/\/www.worldheritageireland.ie\/wp-content\/uploads\/2024\/02\/4-300x201.png 300w, https:\/\/www.worldheritageireland.ie\/wp-content\/uploads\/2024\/02\/4-1024x688.png 1024w, https:\/\/www.worldheritageireland.ie\/wp-content\/uploads\/2024\/02\/4-768x516.png 768w, https:\/\/www.worldheritageireland.ie\/wp-content\/uploads\/2024\/02\/4-50x34.png 50w, https:\/\/www.worldheritageireland.ie\/wp-content\/uploads\/2024\/02\/4-1600x1075.png 1600w, https:\/\/www.worldheritageireland.ie\/wp-content\/uploads\/2024\/02\/4-1536x1032.png 1536w, https:\/\/www.worldheritageireland.ie\/wp-content\/uploads\/2024\/02\/4-2048x1376.png 2048w\" sizes=\"auto, (max-width: 2406px) 100vw, 2406px\" \/><\/figure>\n\n<p>Clice\u00e1il anseo le haghaidh tuilleadh eolais<\/p>\n<\/a>\n\n\n<div style=\"height:65px\" aria-hidden=\"true\" class=\"wp-block-spacer\"><\/div>\n\n\n<a href=\"#Wall-5\"    style=\"padding-top:var(--wp--preset--spacing--50);padding-bottom:var(--wp--preset--spacing--50);padding-left:var(--wp--preset--spacing--50);padding-right:var(--wp--preset--spacing--50);\" class=\"wp-block-tiptip-hyperlink-group-block\" >\n<figure class=\"wp-block-image alignwide size-full\"><img loading=\"lazy\" decoding=\"async\" width=\"1476\" height=\"738\" src=\"https:\/\/www.worldheritageireland.ie\/wp-content\/uploads\/2024\/02\/5.jpg\" alt=\"Balla 5\" class=\"wp-image-3036\" srcset=\"https:\/\/www.worldheritageireland.ie\/wp-content\/uploads\/2024\/02\/5.jpg 1476w, https:\/\/www.worldheritageireland.ie\/wp-content\/uploads\/2024\/02\/5-300x150.jpg 300w, https:\/\/www.worldheritageireland.ie\/wp-content\/uploads\/2024\/02\/5-1024x512.jpg 1024w, https:\/\/www.worldheritageireland.ie\/wp-content\/uploads\/2024\/02\/5-768x384.jpg 768w, https:\/\/www.worldheritageireland.ie\/wp-content\/uploads\/2024\/02\/5-50x25.jpg 50w\" sizes=\"auto, (max-width: 1476px) 100vw, 1476px\" \/><\/figure>\n\n<p>Clice\u00e1il anseo le haghaidh tuilleadh eolais<\/p>\n<\/a>\n\n\n<div style=\"height:65px\" aria-hidden=\"true\" class=\"wp-block-spacer\"><\/div>\n\n\n<a href=\"#Wall-6\"    style=\"padding-top:var(--wp--preset--spacing--50);padding-bottom:var(--wp--preset--spacing--50);padding-left:var(--wp--preset--spacing--50);padding-right:var(--wp--preset--spacing--50);\" class=\"wp-block-tiptip-hyperlink-group-block\" >\n<figure class=\"wp-block-image alignwide size-full\"><img loading=\"lazy\" decoding=\"async\" width=\"2560\" height=\"1286\" src=\"https:\/\/www.worldheritageireland.ie\/wp-content\/uploads\/2024\/02\/6-scaled.jpg\" alt=\"Balla 6\" class=\"wp-image-3063\" srcset=\"https:\/\/www.worldheritageireland.ie\/wp-content\/uploads\/2024\/02\/6-scaled.jpg 2560w, https:\/\/www.worldheritageireland.ie\/wp-content\/uploads\/2024\/02\/6-300x151.jpg 300w, https:\/\/www.worldheritageireland.ie\/wp-content\/uploads\/2024\/02\/6-1024x515.jpg 1024w, https:\/\/www.worldheritageireland.ie\/wp-content\/uploads\/2024\/02\/6-768x386.jpg 768w, https:\/\/www.worldheritageireland.ie\/wp-content\/uploads\/2024\/02\/6-50x25.jpg 50w, https:\/\/www.worldheritageireland.ie\/wp-content\/uploads\/2024\/02\/6-1600x804.jpg 1600w, https:\/\/www.worldheritageireland.ie\/wp-content\/uploads\/2024\/02\/6-1536x772.jpg 1536w, https:\/\/www.worldheritageireland.ie\/wp-content\/uploads\/2024\/02\/6-2048x1029.jpg 2048w\" sizes=\"auto, (max-width: 2560px) 100vw, 2560px\" \/><\/figure>\n\n<p>Clice\u00e1il anseo le haghaidh tuilleadh eolais<\/p>\n<\/a>\n\n\n<div style=\"height:65px\" aria-hidden=\"true\" class=\"wp-block-spacer\"><\/div>\n\n\n<a href=\"#Wall-8\"    style=\"padding-top:var(--wp--preset--spacing--50);padding-bottom:var(--wp--preset--spacing--50);padding-left:var(--wp--preset--spacing--50);padding-right:var(--wp--preset--spacing--50);\" class=\"wp-block-tiptip-hyperlink-group-block\" >\n<figure class=\"wp-block-image alignwide size-full\"><img loading=\"lazy\" decoding=\"async\" width=\"2560\" height=\"1282\" src=\"https:\/\/www.worldheritageireland.ie\/wp-content\/uploads\/2024\/02\/8-scaled.jpg\" alt=\"Balla 8\" class=\"wp-image-3066\" srcset=\"https:\/\/www.worldheritageireland.ie\/wp-content\/uploads\/2024\/02\/8-scaled.jpg 2560w, https:\/\/www.worldheritageireland.ie\/wp-content\/uploads\/2024\/02\/8-300x150.jpg 300w, https:\/\/www.worldheritageireland.ie\/wp-content\/uploads\/2024\/02\/8-1024x513.jpg 1024w, https:\/\/www.worldheritageireland.ie\/wp-content\/uploads\/2024\/02\/8-768x385.jpg 768w, https:\/\/www.worldheritageireland.ie\/wp-content\/uploads\/2024\/02\/8-50x25.jpg 50w, https:\/\/www.worldheritageireland.ie\/wp-content\/uploads\/2024\/02\/8-1600x802.jpg 1600w, https:\/\/www.worldheritageireland.ie\/wp-content\/uploads\/2024\/02\/8-1536x769.jpg 1536w, https:\/\/www.worldheritageireland.ie\/wp-content\/uploads\/2024\/02\/8-2048x1026.jpg 2048w\" sizes=\"auto, (max-width: 2560px) 100vw, 2560px\" \/><\/figure>\n\n<p>Clice\u00e1il anseo le haghaidh tuilleadh eolais<\/p>\n<\/a>\n\n\n<div style=\"height:65px\" aria-hidden=\"true\" class=\"wp-block-spacer\"><\/div>\n\n\n<a href=\"#Wall-11\"    style=\"padding-top:var(--wp--preset--spacing--50);padding-bottom:var(--wp--preset--spacing--50);padding-left:var(--wp--preset--spacing--50);padding-right:var(--wp--preset--spacing--50);\" class=\"wp-block-tiptip-hyperlink-group-block\" >\n<figure class=\"wp-block-image alignwide size-full\"><img loading=\"lazy\" decoding=\"async\" width=\"1494\" height=\"1632\" src=\"https:\/\/www.worldheritageireland.ie\/wp-content\/uploads\/2024\/02\/11.jpg\" alt=\"Balla 11\" class=\"wp-image-3069\" srcset=\"https:\/\/www.worldheritageireland.ie\/wp-content\/uploads\/2024\/02\/11.jpg 1494w, https:\/\/www.worldheritageireland.ie\/wp-content\/uploads\/2024\/02\/11-275x300.jpg 275w, https:\/\/www.worldheritageireland.ie\/wp-content\/uploads\/2024\/02\/11-937x1024.jpg 937w, https:\/\/www.worldheritageireland.ie\/wp-content\/uploads\/2024\/02\/11-768x839.jpg 768w, https:\/\/www.worldheritageireland.ie\/wp-content\/uploads\/2024\/02\/11-50x55.jpg 50w, https:\/\/www.worldheritageireland.ie\/wp-content\/uploads\/2024\/02\/11-1406x1536.jpg 1406w\" sizes=\"auto, (max-width: 1494px) 100vw, 1494px\" \/><\/figure>\n\n<p>Clice\u00e1il anseo le haghaidh tuilleadh eolais<\/p>\n<\/a>\n\n\n<div style=\"height:65px\" aria-hidden=\"true\" class=\"wp-block-spacer\"><\/div>\n\n\n<a href=\"#Wall-12\"    style=\"padding-top:var(--wp--preset--spacing--50);padding-bottom:var(--wp--preset--spacing--50);padding-left:var(--wp--preset--spacing--50);padding-right:var(--wp--preset--spacing--50);\" class=\"wp-block-tiptip-hyperlink-group-block\" >\n<figure class=\"wp-block-image alignwide size-full\"><img loading=\"lazy\" decoding=\"async\" width=\"2560\" height=\"1244\" src=\"https:\/\/www.worldheritageireland.ie\/wp-content\/uploads\/2024\/02\/12-scaled.jpg\" alt=\"Balla 12\" class=\"wp-image-3072\" srcset=\"https:\/\/www.worldheritageireland.ie\/wp-content\/uploads\/2024\/02\/12-scaled.jpg 2560w, https:\/\/www.worldheritageireland.ie\/wp-content\/uploads\/2024\/02\/12-300x146.jpg 300w, https:\/\/www.worldheritageireland.ie\/wp-content\/uploads\/2024\/02\/12-1024x497.jpg 1024w, https:\/\/www.worldheritageireland.ie\/wp-content\/uploads\/2024\/02\/12-768x373.jpg 768w, https:\/\/www.worldheritageireland.ie\/wp-content\/uploads\/2024\/02\/12-50x24.jpg 50w, https:\/\/www.worldheritageireland.ie\/wp-content\/uploads\/2024\/02\/12-1600x777.jpg 1600w, https:\/\/www.worldheritageireland.ie\/wp-content\/uploads\/2024\/02\/12-1536x746.jpg 1536w, https:\/\/www.worldheritageireland.ie\/wp-content\/uploads\/2024\/02\/12-2048x995.jpg 2048w\" sizes=\"auto, (max-width: 2560px) 100vw, 2560px\" \/><\/figure>\n\n<p>Clice\u00e1il anseo le haghaidh tuilleadh eolais<\/p>\n<\/a>\n\n\n<div style=\"height:65px\" aria-hidden=\"true\" class=\"wp-block-spacer\"><\/div>\n\n\n<a href=\"#Wall-13\"    style=\"padding-top:var(--wp--preset--spacing--50);padding-bottom:var(--wp--preset--spacing--50);padding-left:var(--wp--preset--spacing--50);padding-right:var(--wp--preset--spacing--50);\" class=\"wp-block-tiptip-hyperlink-group-block\" >\n<figure class=\"wp-block-image alignwide size-full\"><img loading=\"lazy\" decoding=\"async\" width=\"1208\" height=\"1502\" src=\"https:\/\/www.worldheritageireland.ie\/wp-content\/uploads\/2024\/02\/13.jpg\" alt=\"Balla 13\" class=\"wp-image-3075\" srcset=\"https:\/\/www.worldheritageireland.ie\/wp-content\/uploads\/2024\/02\/13.jpg 1208w, https:\/\/www.worldheritageireland.ie\/wp-content\/uploads\/2024\/02\/13-241x300.jpg 241w, https:\/\/www.worldheritageireland.ie\/wp-content\/uploads\/2024\/02\/13-824x1024.jpg 824w, https:\/\/www.worldheritageireland.ie\/wp-content\/uploads\/2024\/02\/13-768x955.jpg 768w, https:\/\/www.worldheritageireland.ie\/wp-content\/uploads\/2024\/02\/13-50x62.jpg 50w\" sizes=\"auto, (max-width: 1208px) 100vw, 1208px\" \/><\/figure>\n\n<p>Clice\u00e1il anseo le haghaidh tuilleadh eolais<\/p>\n<\/a>\n\n\n<div style=\"height:65px\" aria-hidden=\"true\" class=\"wp-block-spacer\"><\/div>\n\n\n<a href=\"#Wall-14\"    style=\"padding-top:var(--wp--preset--spacing--50);padding-bottom:var(--wp--preset--spacing--50);padding-left:var(--wp--preset--spacing--50);padding-right:var(--wp--preset--spacing--50);\" class=\"wp-block-tiptip-hyperlink-group-block\" >\n<figure class=\"wp-block-image alignwide size-full\"><img loading=\"lazy\" decoding=\"async\" width=\"1476\" height=\"1502\" src=\"https:\/\/www.worldheritageireland.ie\/wp-content\/uploads\/2024\/02\/14.jpg\" alt=\"Balla 14\" class=\"wp-image-3078\" srcset=\"https:\/\/www.worldheritageireland.ie\/wp-content\/uploads\/2024\/02\/14.jpg 1476w, https:\/\/www.worldheritageireland.ie\/wp-content\/uploads\/2024\/02\/14-295x300.jpg 295w, https:\/\/www.worldheritageireland.ie\/wp-content\/uploads\/2024\/02\/14-1006x1024.jpg 1006w, https:\/\/www.worldheritageireland.ie\/wp-content\/uploads\/2024\/02\/14-768x782.jpg 768w, https:\/\/www.worldheritageireland.ie\/wp-content\/uploads\/2024\/02\/14-50x51.jpg 50w\" sizes=\"auto, (max-width: 1476px) 100vw, 1476px\" \/><\/figure>\n\n<p>Clice\u00e1il anseo le haghaidh tuilleadh eolais<\/p>\n<\/a>\n\n\n<div style=\"height:65px\" aria-hidden=\"true\" class=\"wp-block-spacer\"><\/div>\n\n\n\n<figure class=\"wp-block-image alignwide size-full\" id=\"Wall-2\"><img loading=\"lazy\" decoding=\"async\" width=\"2560\" height=\"1711\" src=\"https:\/\/www.worldheritageireland.ie\/wp-content\/uploads\/2024\/02\/cloughoughter-scaled.jpg\" alt=\"Cloch Locha Uachtair\" class=\"wp-image-3003\" srcset=\"https:\/\/www.worldheritageireland.ie\/wp-content\/uploads\/2024\/02\/cloughoughter-scaled.jpg 2560w, https:\/\/www.worldheritageireland.ie\/wp-content\/uploads\/2024\/02\/cloughoughter-300x201.jpg 300w, https:\/\/www.worldheritageireland.ie\/wp-content\/uploads\/2024\/02\/cloughoughter-1024x684.jpg 1024w, https:\/\/www.worldheritageireland.ie\/wp-content\/uploads\/2024\/02\/cloughoughter-768x513.jpg 768w, https:\/\/www.worldheritageireland.ie\/wp-content\/uploads\/2024\/02\/cloughoughter-50x33.jpg 50w, https:\/\/www.worldheritageireland.ie\/wp-content\/uploads\/2024\/02\/cloughoughter-1600x1069.jpg 1600w, https:\/\/www.worldheritageireland.ie\/wp-content\/uploads\/2024\/02\/cloughoughter-1536x1027.jpg 1536w, https:\/\/www.worldheritageireland.ie\/wp-content\/uploads\/2024\/02\/cloughoughter-2048x1369.jpg 2048w\" sizes=\"auto, (max-width: 2560px) 100vw, 2560px\" \/><\/figure>\n\n\n\n<h3 class=\"wp-block-heading\"><strong>Cloch Locha Uachtair, Co. an Chabh\u00e1in <\/strong><\/h3>\n\n\n\n<p class=\"has-medium-font-size\">T\u00e1 an caisle\u00e1n ag Cloch Locha Uachtair, Co. an Chabh\u00e1in go hard os cionn an oile\u00e1in bhig seo ar Loch Uachtair, agus n\u00edl anseo ach ceann amh\u00e1in den oile\u00e1n at\u00e1 scaipthe fud fad dheisceart Uladh. T\u00f3gadh an daingean a bhfuil cruth ciorclach air, at\u00e1 neamhghn\u00e1ch in \u00c9irinn, timpeall AD1220 ag an teaghlach Angla-Normannaigh, de Lacy, mar chuid d\u00e1 n-iarrachta\u00ed lonna\u00edochta\u00ed nua ina raibh seilbh acu orthu a chuir faoi chois i gceantair Ghaelacha a bh\u00ed i ngiorra\u00edocht do Thiarnas na M\u00ed.  <\/p>\n\n\n\n<hr class=\"wp-block-separator has-alpha-channel-opacity\"\/>\n\n\n\n<div style=\"height:65px\" aria-hidden=\"true\" class=\"wp-block-spacer\"><\/div>\n\n\n\n<figure class=\"wp-block-image alignwide size-full\" id=\"Wall-3\"><img loading=\"lazy\" decoding=\"async\" width=\"2560\" height=\"1800\" src=\"https:\/\/www.worldheritageireland.ie\/wp-content\/uploads\/2024\/02\/monksfishinghouse-scaled.jpg\" alt=\"Teach na Manach\" class=\"wp-image-3018\" srcset=\"https:\/\/www.worldheritageireland.ie\/wp-content\/uploads\/2024\/02\/monksfishinghouse-scaled.jpg 2560w, https:\/\/www.worldheritageireland.ie\/wp-content\/uploads\/2024\/02\/monksfishinghouse-300x211.jpg 300w, https:\/\/www.worldheritageireland.ie\/wp-content\/uploads\/2024\/02\/monksfishinghouse-1024x720.jpg 1024w, https:\/\/www.worldheritageireland.ie\/wp-content\/uploads\/2024\/02\/monksfishinghouse-768x540.jpg 768w, https:\/\/www.worldheritageireland.ie\/wp-content\/uploads\/2024\/02\/monksfishinghouse-50x35.jpg 50w, https:\/\/www.worldheritageireland.ie\/wp-content\/uploads\/2024\/02\/monksfishinghouse-1600x1125.jpg 1600w, https:\/\/www.worldheritageireland.ie\/wp-content\/uploads\/2024\/02\/monksfishinghouse-1536x1080.jpg 1536w, https:\/\/www.worldheritageireland.ie\/wp-content\/uploads\/2024\/02\/monksfishinghouse-2048x1440.jpg 2048w\" sizes=\"auto, (max-width: 2560px) 100vw, 2560px\" \/><\/figure>\n\n\n\n<h3 class=\"wp-block-heading\" id=\"Monks\"><strong>Teach na Manach, Conga, Co. Mhaigh Eo <\/strong><\/h3>\n\n\n\n<p class=\"has-medium-font-size\">Bhain manaigh phri\u00f3ireacht Agaist\u00edneach Chonga, Co. Mhaigh Eo, feidhm as an bhfoirgneamh beag seo \u00f3n 15\u00fa haois ar aghaidh, n\u00f3 Teach na Manach mar is fearr aithne air. D&#8217;\u00e9ascaigh poll in url\u00e1ir an fhoirgnimh rochtain ar uisce Abhainn Chonga, a raibh sruth mall l\u00e9i, san \u00e1it a dt\u00e9ann s\u00ed isteach i Loch Coirib, an loch is m\u00f3 in iarthar na h\u00c9ireann.  <\/p>\n\n\n\n<div style=\"height:65px\" aria-hidden=\"true\" class=\"wp-block-spacer\"><\/div>\n\n\n\n<figure class=\"wp-block-image alignwide size-full\"><img loading=\"lazy\" decoding=\"async\" width=\"2560\" height=\"1148\" src=\"https:\/\/www.worldheritageireland.ie\/wp-content\/uploads\/2024\/02\/monasticsettlement-scaled.jpg\" alt=\"Gleann D&#xE1; Loch\" class=\"wp-image-3015\" srcset=\"https:\/\/www.worldheritageireland.ie\/wp-content\/uploads\/2024\/02\/monasticsettlement-scaled.jpg 2560w, https:\/\/www.worldheritageireland.ie\/wp-content\/uploads\/2024\/02\/monasticsettlement-300x135.jpg 300w, https:\/\/www.worldheritageireland.ie\/wp-content\/uploads\/2024\/02\/monasticsettlement-1024x459.jpg 1024w, https:\/\/www.worldheritageireland.ie\/wp-content\/uploads\/2024\/02\/monasticsettlement-768x344.jpg 768w, https:\/\/www.worldheritageireland.ie\/wp-content\/uploads\/2024\/02\/monasticsettlement-50x22.jpg 50w, https:\/\/www.worldheritageireland.ie\/wp-content\/uploads\/2024\/02\/monasticsettlement-1600x717.jpg 1600w, https:\/\/www.worldheritageireland.ie\/wp-content\/uploads\/2024\/02\/monasticsettlement-1536x689.jpg 1536w, https:\/\/www.worldheritageireland.ie\/wp-content\/uploads\/2024\/02\/monasticsettlement-2048x918.jpg 2048w\" sizes=\"auto, (max-width: 2560px) 100vw, 2560px\" \/><\/figure>\n\n\n\n<h3 class=\"wp-block-heading\" id=\"Glendalough\"><strong>Gleann D\u00e1 Loch, Co. Chill Mhant\u00e1in <\/strong><\/h3>\n\n\n\n<p class=\"has-medium-font-size\">Faightear an t-ainm Gleann D\u00e1 Loch, \u00f3n nGaeilge, <em>Gleann D\u00e1 Loch<\/em>, ar aistri\u00fach\u00e1n \u00e9 ar &#8216;ghleann a bhfuil dh\u00e1 loch ann\u2019. Bhunaigh Naomh Caoimh\u00edn mainistir bheag anseo ag deireadh an 6\u00fa haois (<em>d. c.<\/em> 620). Le himeacht ama, is gearr go mbeadh s\u00ed seo ar cheann de na Mainistreacha ab ionta\u00ed a bhain le tr\u00e9imhse luath-mhe\u00e1naois\u00ed na h\u00c9ireann.    Ceapadh Gleann d\u00e1 Loch mar l\u00e1rionad dheoise ghearrshaolach ag t\u00fas an 12\u00fa haois, agus t\u00e1 cuid mh\u00f3r s\u00e9ip\u00e9al agus foirgneamh eile le f\u00e1il, a th\u00e1inig sl\u00e1n \u00f3n tr\u00e9imhse seo.<\/p>\n\n\n\n<div style=\"height:65px\" aria-hidden=\"true\" class=\"wp-block-spacer\"><\/div>\n\n\n\n<figure class=\"wp-block-image alignwide size-full\"><img loading=\"lazy\" decoding=\"async\" width=\"2560\" height=\"1625\" src=\"https:\/\/www.worldheritageireland.ie\/wp-content\/uploads\/2024\/02\/poulnabronedolmen-scaled.jpg\" alt=\"Cromleac Pholl na Br&#xF3;n\" class=\"wp-image-3021\" srcset=\"https:\/\/www.worldheritageireland.ie\/wp-content\/uploads\/2024\/02\/poulnabronedolmen-scaled.jpg 2560w, https:\/\/www.worldheritageireland.ie\/wp-content\/uploads\/2024\/02\/poulnabronedolmen-300x190.jpg 300w, https:\/\/www.worldheritageireland.ie\/wp-content\/uploads\/2024\/02\/poulnabronedolmen-1024x650.jpg 1024w, https:\/\/www.worldheritageireland.ie\/wp-content\/uploads\/2024\/02\/poulnabronedolmen-768x487.jpg 768w, https:\/\/www.worldheritageireland.ie\/wp-content\/uploads\/2024\/02\/poulnabronedolmen-50x32.jpg 50w, https:\/\/www.worldheritageireland.ie\/wp-content\/uploads\/2024\/02\/poulnabronedolmen-1600x1016.jpg 1600w, https:\/\/www.worldheritageireland.ie\/wp-content\/uploads\/2024\/02\/poulnabronedolmen-1536x975.jpg 1536w, https:\/\/www.worldheritageireland.ie\/wp-content\/uploads\/2024\/02\/poulnabronedolmen-2048x1300.jpg 2048w\" sizes=\"auto, (max-width: 2560px) 100vw, 2560px\" \/><\/figure>\n\n\n\n<h3 class=\"wp-block-heading\"><strong>Cromleac Pholl na Br\u00f3n, Co. an Chl\u00e1ir <\/strong><\/h3>\n\n\n\n<p class=\"has-medium-font-size\">Gobann an tuama ursanach ag Poll na Br\u00f3n, Co. an Chl\u00e1ir amach as p\u00e1bh\u00e1il aolchloiche na Boirne, ainm a thagann \u00f3n bhfocal Gaeilge, <em>boireann<\/em>, a bhfuil \u00e1it chreagach mar bhr\u00ed leis. Th\u00e1ngthas, tar \u00e9is tochailt a dh\u00e9anamh, ar iarsma\u00ed a bhain le 35 duine ar a laghad, iad curtha taobh istigh den seomra, an duine is luaithe ag dul siar go 5,800 bliain \u00f3 shin le linn thr\u00e9imhse na luath-Neoilitheach, nuair a t\u00f3gadh an tuama i dt\u00fas aimsire.  <\/p>\n\n\n\n<div style=\"height:65px\" aria-hidden=\"true\" class=\"wp-block-spacer\"><\/div>\n\n\n\n<figure class=\"wp-block-image alignwide size-full\"><img loading=\"lazy\" decoding=\"async\" width=\"2560\" height=\"1658\" src=\"https:\/\/www.worldheritageireland.ie\/wp-content\/uploads\/2024\/02\/queenmeav-scaled.jpg\" alt=\"Cairn Mh&#xE9;abha\" class=\"wp-image-3024\" srcset=\"https:\/\/www.worldheritageireland.ie\/wp-content\/uploads\/2024\/02\/queenmeav-scaled.jpg 2560w, https:\/\/www.worldheritageireland.ie\/wp-content\/uploads\/2024\/02\/queenmeav-300x194.jpg 300w, https:\/\/www.worldheritageireland.ie\/wp-content\/uploads\/2024\/02\/queenmeav-1024x663.jpg 1024w, https:\/\/www.worldheritageireland.ie\/wp-content\/uploads\/2024\/02\/queenmeav-768x497.jpg 768w, https:\/\/www.worldheritageireland.ie\/wp-content\/uploads\/2024\/02\/queenmeav-50x32.jpg 50w, https:\/\/www.worldheritageireland.ie\/wp-content\/uploads\/2024\/02\/queenmeav-1600x1036.jpg 1600w, https:\/\/www.worldheritageireland.ie\/wp-content\/uploads\/2024\/02\/queenmeav-1536x995.jpg 1536w, https:\/\/www.worldheritageireland.ie\/wp-content\/uploads\/2024\/02\/queenmeav-2048x1326.jpg 2048w\" sizes=\"auto, (max-width: 2560px) 100vw, 2560px\" \/><\/figure>\n\n\n\n<h3 class=\"wp-block-heading\"><strong>Cairn Mh\u00e9abha, Cnoc na Riabh, Co. Shligigh <\/strong><\/h3>\n\n\n\n<p class=\"has-medium-font-size\">Is droim saini\u00fail \u00e9 Cnoc na Riabh, a bhfuil sleasa g\u00e9ara leis agus \u00e9 maol ar barr, at\u00e1 go hard os cionn imeallbhord an Atlantaigh sa r\u00e9igi\u00fan seo. T\u00e1 carn\u00e1n clocha ar a mhullach ar a dtugtar Cairn Mh\u00e9abha, ainmnithe as banr\u00edon Chonnacht, a bhain le miotaseola\u00edocht \u00f3 r\u00e9 luath-mhe\u00e1naoise na h\u00c9ireann. Is \u00e9 f\u00edrinne an sc\u00e9il, n\u00e1 go bhfuil s\u00e9 seo ar cheann do na s\u00e9adchomhartha\u00ed is m\u00f3 a t\u00f3gadh riamh le linn r\u00e9 luath-mhe\u00e1naoise na h\u00c9ireann agus t\u00e1 athr\u00fa \u00f3 bhun go barr ar phr\u00f3if\u00edl ioml\u00e1n na sl\u00e9ibhe d\u00e1 bharr.  <\/p>\n\n\n\n<div style=\"height:65px\" aria-hidden=\"true\" class=\"wp-block-spacer\"><\/div>\n\n\n\n<figure class=\"wp-block-image alignwide size-full\"><img loading=\"lazy\" decoding=\"async\" width=\"2560\" height=\"1705\" src=\"https:\/\/www.worldheritageireland.ie\/wp-content\/uploads\/2024\/02\/inishkeelcarvings-scaled.jpg\" alt=\"Inis Caoil\" class=\"wp-image-3009\" srcset=\"https:\/\/www.worldheritageireland.ie\/wp-content\/uploads\/2024\/02\/inishkeelcarvings-scaled.jpg 2560w, https:\/\/www.worldheritageireland.ie\/wp-content\/uploads\/2024\/02\/inishkeelcarvings-300x200.jpg 300w, https:\/\/www.worldheritageireland.ie\/wp-content\/uploads\/2024\/02\/inishkeelcarvings-1024x682.jpg 1024w, https:\/\/www.worldheritageireland.ie\/wp-content\/uploads\/2024\/02\/inishkeelcarvings-768x512.jpg 768w, https:\/\/www.worldheritageireland.ie\/wp-content\/uploads\/2024\/02\/inishkeelcarvings-50x33.jpg 50w, https:\/\/www.worldheritageireland.ie\/wp-content\/uploads\/2024\/02\/inishkeelcarvings-1600x1066.jpg 1600w, https:\/\/www.worldheritageireland.ie\/wp-content\/uploads\/2024\/02\/inishkeelcarvings-1536x1023.jpg 1536w, https:\/\/www.worldheritageireland.ie\/wp-content\/uploads\/2024\/02\/inishkeelcarvings-2048x1364.jpg 2048w\" sizes=\"auto, (max-width: 2560px) 100vw, 2560px\" \/><\/figure>\n\n\n\n<h3 class=\"wp-block-heading\"><strong>Sno\u00edod\u00f3ireacht \u00f3 luath sa mhe\u00e1naois ar Inis Caoil, Co. Dh\u00fan na nGall <\/strong><\/h3>\n\n\n\n<p class=\"has-medium-font-size\">T\u00e1 na snoite\u00e1in seo \u00f3 luath sa mhe\u00e1naois le f\u00e1il ar shu\u00edomh luath-eaglaise ar oile\u00e1n Inis Caoil amach \u00f3 ch\u00f3sta thiar Dh\u00fan an nGall. T\u00e1 an chloch chun tosaigh deartha ag crosfh\u00ed agus seasann s\u00ed do chos a bheadh ar chros mh\u00f3r agus t\u00e1 an ceann ar iarraidh. <\/p>\n\n\n\n<div style=\"height:65px\" aria-hidden=\"true\" class=\"wp-block-spacer\"><\/div>\n\n\n\n<figure class=\"wp-block-image alignwide size-full\"><img loading=\"lazy\" decoding=\"async\" width=\"2560\" height=\"1136\" src=\"https:\/\/www.worldheritageireland.ie\/wp-content\/uploads\/2024\/02\/hilloftara-scaled.jpg\" alt=\"Teamhair\" class=\"wp-image-3006\" srcset=\"https:\/\/www.worldheritageireland.ie\/wp-content\/uploads\/2024\/02\/hilloftara-scaled.jpg 2560w, https:\/\/www.worldheritageireland.ie\/wp-content\/uploads\/2024\/02\/hilloftara-300x133.jpg 300w, https:\/\/www.worldheritageireland.ie\/wp-content\/uploads\/2024\/02\/hilloftara-1024x454.jpg 1024w, https:\/\/www.worldheritageireland.ie\/wp-content\/uploads\/2024\/02\/hilloftara-768x341.jpg 768w, https:\/\/www.worldheritageireland.ie\/wp-content\/uploads\/2024\/02\/hilloftara-50x22.jpg 50w, https:\/\/www.worldheritageireland.ie\/wp-content\/uploads\/2024\/02\/hilloftara-1600x710.jpg 1600w, https:\/\/www.worldheritageireland.ie\/wp-content\/uploads\/2024\/02\/hilloftara-1536x682.jpg 1536w, https:\/\/www.worldheritageireland.ie\/wp-content\/uploads\/2024\/02\/hilloftara-2048x909.jpg 2048w\" sizes=\"auto, (max-width: 2560px) 100vw, 2560px\" \/><\/figure>\n\n\n\n<h3 class=\"wp-block-heading\"><strong>Cnoc na Teamhrach, Co. na M\u00ed <\/strong><\/h3>\n\n\n\n<p class=\"has-medium-font-size\">T\u00e1 sraith coimpl\u00e9isc de chr\u00e9foirt at\u00e1 cl\u00fadaithe ag f\u00e9ar, tuama\u00ed agus imfh\u00e1luithe deasghn\u00e1cha a th\u00e9ann siar go dt\u00ed go luath agus go d\u00e9anach sa tr\u00e9imhse r\u00e9amhstaire, le f\u00e1il ar Chnoc na Teamhrach. Le linn r\u00e9 na luath-mhe\u00e1naoise bh\u00ed aithne ar an su\u00edomh seo mar l\u00e1thair oirnithe thraidisi\u00fanta ard-r\u00edthe na h\u00c9ireann. Seasann Teamhair mar shiombail \u00edoc\u00f3nach de N\u00e1isi\u00fanachas na h\u00c9ireann, sna c\u00e9adta bliain is d\u00e9ana\u00ed.  <\/p>\n\n\n\n<hr class=\"wp-block-separator has-alpha-channel-opacity\"\/>\n\n\n\n<div style=\"height:65px\" aria-hidden=\"true\" class=\"wp-block-spacer\"><\/div>\n\n\n\n<figure class=\"wp-block-image alignwide size-full\" id=\"Wall-4\"><img loading=\"lazy\" decoding=\"async\" width=\"1032\" height=\"402\" src=\"https:\/\/www.worldheritageireland.ie\/wp-content\/uploads\/2024\/02\/staiguefort.png\" alt=\"Cathair na St&#xE9;ige\" class=\"wp-image-3048\" srcset=\"https:\/\/www.worldheritageireland.ie\/wp-content\/uploads\/2024\/02\/staiguefort.png 1032w, https:\/\/www.worldheritageireland.ie\/wp-content\/uploads\/2024\/02\/staiguefort-300x117.png 300w, https:\/\/www.worldheritageireland.ie\/wp-content\/uploads\/2024\/02\/staiguefort-1024x399.png 1024w, https:\/\/www.worldheritageireland.ie\/wp-content\/uploads\/2024\/02\/staiguefort-768x299.png 768w, https:\/\/www.worldheritageireland.ie\/wp-content\/uploads\/2024\/02\/staiguefort-50x19.png 50w\" sizes=\"auto, (max-width: 1032px) 100vw, 1032px\" \/><\/figure>\n\n\n\n<h3 class=\"wp-block-heading\"><strong>Cathair na St\u00e9ige, Co. Chiarra\u00ed <\/strong><\/h3>\n\n\n\n<p class=\"has-medium-font-size\">T\u00e1 an caiseal at\u00e1 sa St\u00e9ig neadaithe i gceann caolghleanna taobh istigh de Leithinis Bh\u00f3thar U\u00edbh R\u00e1thaigh Chiarra\u00ed. N\u00edorbh ionann \u00e9 seo agus an Grian\u00e1n Ailigh agus Chnoc Droma mar n\u00e1r t\u00f3gadh an rath bre\u00e1 seo le go bhfeadfa\u00ed radharc a fh\u00e1il air n\u00f3 go mbeadh s\u00e9 go hard os cionn na tuaithe gach taobh d\u00f3. Motha\u00edtear go cinnte agus gan ach radharc ar \u00e9igean ar an ngleann s\u00edos i dtreo an Atlantaigh, n\u00e1r theastaigh \u00f3 na t\u00f3g\u00e1laithe aon aird nach raibh ag teast\u00e1il a tharraingt orthu f\u00e9in.  <\/p>\n\n\n\n<figure class=\"wp-block-image alignwide size-full\"><img loading=\"lazy\" decoding=\"async\" width=\"1179\" height=\"702\" src=\"https:\/\/www.worldheritageireland.ie\/wp-content\/uploads\/2024\/02\/doonefort.png\" alt=\"An D&#xFA;n\" class=\"wp-image-3039\" srcset=\"https:\/\/www.worldheritageireland.ie\/wp-content\/uploads\/2024\/02\/doonefort.png 1179w, https:\/\/www.worldheritageireland.ie\/wp-content\/uploads\/2024\/02\/doonefort-300x179.png 300w, https:\/\/www.worldheritageireland.ie\/wp-content\/uploads\/2024\/02\/doonefort-1024x610.png 1024w, https:\/\/www.worldheritageireland.ie\/wp-content\/uploads\/2024\/02\/doonefort-768x457.png 768w, https:\/\/www.worldheritageireland.ie\/wp-content\/uploads\/2024\/02\/doonefort-50x30.png 50w\" sizes=\"auto, (max-width: 1179px) 100vw, 1179px\" \/><\/figure>\n\n\n\n<h3 class=\"wp-block-heading\"><strong>An D\u00fan, Co. Dh\u00fan na nGall <\/strong><\/h3>\n\n\n\n<p class=\"has-medium-font-size\">Le linn r\u00e9 na luath-mhe\u00e1naoise bh\u00ed an t-oile\u00e1n beag seo ar Loch an D\u00fain timpeallaithe go hioml\u00e1n ag caiseal m\u00f3r millteach. T\u00e1 cuma dho-ionsaithe ar an r\u00e1th \u00f3n m\u00f3rth\u00edr, agus foscadh, a bh\u00ed ag teast\u00e1il go g\u00e9ar, \u00f3 stoirmeacha an Atlantaigh, \u00e1 chur ar f\u00e1il chomh maith, do na h\u00e1itritheoir\u00ed, ag na balla\u00ed m\u00f3ra millteacha. T\u00e1 an su\u00edomh thar a bheith go h\u00e1lainn ach murab ionainn \u00e9 agus Grian\u00e1n Ailigh, is m\u00f3 an bh\u00e9im at\u00e1 ag an su\u00edomh seo ar chosaint a chur ar f\u00e1il, agus n\u00ed cumhacht pholaiti\u00fail a thabhairt le fios.  <\/p>\n\n\n\n<figure class=\"wp-block-image alignwide size-full\"><img loading=\"lazy\" decoding=\"async\" width=\"1027\" height=\"789\" src=\"https:\/\/www.worldheritageireland.ie\/wp-content\/uploads\/2024\/02\/grianon.png\" alt=\"Grian&#xE1;n Ailigh\" class=\"wp-image-3042\" srcset=\"https:\/\/www.worldheritageireland.ie\/wp-content\/uploads\/2024\/02\/grianon.png 1027w, https:\/\/www.worldheritageireland.ie\/wp-content\/uploads\/2024\/02\/grianon-300x230.png 300w, https:\/\/www.worldheritageireland.ie\/wp-content\/uploads\/2024\/02\/grianon-1024x787.png 1024w, https:\/\/www.worldheritageireland.ie\/wp-content\/uploads\/2024\/02\/grianon-768x590.png 768w, https:\/\/www.worldheritageireland.ie\/wp-content\/uploads\/2024\/02\/grianon-50x38.png 50w\" sizes=\"auto, (max-width: 1027px) 100vw, 1027px\" \/><\/figure>\n\n\n\n<h3 class=\"wp-block-heading\"><strong>Grian\u00e1n Ailigh, Co. Dh\u00fan na nGall <\/strong><\/h3>\n\n\n\n<p class=\"has-medium-font-size\">Ceaptar gur t\u00f3gadh an r\u00e1th, ar a dtugtar Grian\u00e1n Ailigh, i dt\u00fas aimsire am \u00e9igin roimh AD800, ag \u00c1ed Oirdnide uaillmhianach, r\u00ed Cen\u00e9l n\u00c9ogain, r\u00edocht bheag, a bh\u00ed taobh le leithinis Inis Eoghain tr\u00e1th. Bh\u00edodh radharc ag \u00c1ed \u00f3 mhullach Shliabh Ghrian\u00e1in ar a \u00e1it d\u00fachais, Inis Eoghain, chomh maith le f\u00e9achaint amach ar na cr\u00edocha a bh\u00ed s\u00e9 tar \u00e9is a chuir faoi chois, ar fud fad an r\u00e9igi\u00fain. <\/p>\n\n\n\n<figure class=\"wp-block-image alignwide size-full\"><img loading=\"lazy\" decoding=\"async\" width=\"1179\" height=\"557\" src=\"https:\/\/www.worldheritageireland.ie\/wp-content\/uploads\/2024\/02\/knocdrum.png\" alt=\"Caiseal Chnoc Droma\" class=\"wp-image-3045\" srcset=\"https:\/\/www.worldheritageireland.ie\/wp-content\/uploads\/2024\/02\/knocdrum.png 1179w, https:\/\/www.worldheritageireland.ie\/wp-content\/uploads\/2024\/02\/knocdrum-300x142.png 300w, https:\/\/www.worldheritageireland.ie\/wp-content\/uploads\/2024\/02\/knocdrum-1024x484.png 1024w, https:\/\/www.worldheritageireland.ie\/wp-content\/uploads\/2024\/02\/knocdrum-768x363.png 768w, https:\/\/www.worldheritageireland.ie\/wp-content\/uploads\/2024\/02\/knocdrum-50x24.png 50w\" sizes=\"auto, (max-width: 1179px) 100vw, 1179px\" \/><\/figure>\n\n\n\n<h3 class=\"wp-block-heading\"><strong>Caiseal Chnoc Droma, Co. Chorca\u00ed <\/strong><\/h3>\n\n\n\n<p class=\"has-medium-font-size\">Chuirfeadh Caiseal Chnoc Droma, at\u00e1 suite ar mhullach, agus os cionn Chuan Ghleann Bearch\u00e1in agus imeallbhord iarthar Chorca\u00ed, Grian\u00e1n Ailigh i gcuimhne duit. Sa l\u00e1 at\u00e1 inniu ann, t\u00e1 a bhalla ciorclach i bhfad n\u00edos \u00edsle n\u00e1 a bhr\u00e1thair i nD\u00fan na nGall ach t\u00e1 na trastomhais, a bheag n\u00f3 a mh\u00f3r mar a ch\u00e9ile. T\u00e1 radharc againn anseo ar fhothrach t\u00ed fhairsing dhronuilleogaigh taobh istigh de bhalla\u00ed an chaisil.  <\/p>\n\n\n\n<hr class=\"wp-block-separator has-alpha-channel-opacity\"\/>\n\n\n\n<div style=\"height:65px\" aria-hidden=\"true\" class=\"wp-block-spacer\"><\/div>\n\n\n\n<figure class=\"wp-block-image alignwide size-full\" id=\"Wall-5\"><img loading=\"lazy\" decoding=\"async\" width=\"2560\" height=\"1886\" src=\"https:\/\/www.worldheritageireland.ie\/wp-content\/uploads\/2024\/02\/rockart-scaled.jpg\" alt=\"Eala&#xED;n Charraige sa Lios\" class=\"wp-image-3027\" srcset=\"https:\/\/www.worldheritageireland.ie\/wp-content\/uploads\/2024\/02\/rockart-scaled.jpg 2560w, https:\/\/www.worldheritageireland.ie\/wp-content\/uploads\/2024\/02\/rockart-300x221.jpg 300w, https:\/\/www.worldheritageireland.ie\/wp-content\/uploads\/2024\/02\/rockart-1024x754.jpg 1024w, https:\/\/www.worldheritageireland.ie\/wp-content\/uploads\/2024\/02\/rockart-768x566.jpg 768w, https:\/\/www.worldheritageireland.ie\/wp-content\/uploads\/2024\/02\/rockart-50x37.jpg 50w, https:\/\/www.worldheritageireland.ie\/wp-content\/uploads\/2024\/02\/rockart-1600x1179.jpg 1600w, https:\/\/www.worldheritageireland.ie\/wp-content\/uploads\/2024\/02\/rockart-1536x1132.jpg 1536w, https:\/\/www.worldheritageireland.ie\/wp-content\/uploads\/2024\/02\/rockart-2048x1509.jpg 2048w\" sizes=\"auto, (max-width: 2560px) 100vw, 2560px\" \/><\/figure>\n\n\n\n<h3 class=\"wp-block-heading\"><strong>Eala\u00edn Charraige sa Lios, Co. Chiarra\u00ed  <\/strong><\/h3>\n\n\n\n<p class=\"has-medium-font-size\">T\u00e1 an comhchruinni\u00fa is m\u00f3 de shno\u00edod\u00f3ireacht Neoiliteach in \u00c9irinn le f\u00e1il i sl\u00e9ibhte garbha agus gleannta iarthar Chiarra\u00ed. Is l\u00e9iri\u00fa an-mhaith iad na cuasghreanta\u00ed at\u00e1 timpeallaithe ag ciorcail ghreanta de chine\u00e1l eala\u00edne a th\u00e1ngthas air, ar lom\u00e1in charraige at\u00e1 scaipthe ar fud an t\u00edrdhreacha oscailte, i go leor codanna de chuid na h\u00c9ireann ar feadh os cionn 5500 bliain. <\/p>\n\n\n\n<div style=\"height:65px\" aria-hidden=\"true\" class=\"wp-block-spacer\"><\/div>\n\n\n\n<figure class=\"wp-block-image alignwide size-full\"><img loading=\"lazy\" decoding=\"async\" width=\"2560\" height=\"1923\" src=\"https:\/\/www.worldheritageireland.ie\/wp-content\/uploads\/2024\/02\/carintlough-scaled.jpg\" alt=\"Cairn B&#xE1;n, Loch Craobh\" class=\"wp-image-3000\" srcset=\"https:\/\/www.worldheritageireland.ie\/wp-content\/uploads\/2024\/02\/carintlough-scaled.jpg 2560w, https:\/\/www.worldheritageireland.ie\/wp-content\/uploads\/2024\/02\/carintlough-300x225.jpg 300w, https:\/\/www.worldheritageireland.ie\/wp-content\/uploads\/2024\/02\/carintlough-1024x769.jpg 1024w, https:\/\/www.worldheritageireland.ie\/wp-content\/uploads\/2024\/02\/carintlough-768x577.jpg 768w, https:\/\/www.worldheritageireland.ie\/wp-content\/uploads\/2024\/02\/carintlough-50x38.jpg 50w, https:\/\/www.worldheritageireland.ie\/wp-content\/uploads\/2024\/02\/carintlough-1600x1202.jpg 1600w, https:\/\/www.worldheritageireland.ie\/wp-content\/uploads\/2024\/02\/carintlough-1536x1154.jpg 1536w, https:\/\/www.worldheritageireland.ie\/wp-content\/uploads\/2024\/02\/carintlough-2048x1538.jpg 2048w\" sizes=\"auto, (max-width: 2560px) 100vw, 2560px\" \/><\/figure>\n\n\n\n<h3 class=\"wp-block-heading\"><strong>Cairn B\u00e1n, Loch Craobh, Co. na M\u00ed.  <\/strong><\/h3>\n\n\n\n<div style=\"height:65px\" aria-hidden=\"true\" class=\"wp-block-spacer\"><\/div>\n\n\n\n<figure class=\"wp-block-image alignwide size-full\"><img loading=\"lazy\" decoding=\"async\" width=\"778\" height=\"515\" src=\"https:\/\/www.worldheritageireland.ie\/wp-content\/uploads\/2024\/02\/kerbstone52.jpg\" alt=\"Cloch cholbha 52 An Ghr&#xE1;inseach Nua\" class=\"wp-image-3190\" srcset=\"https:\/\/www.worldheritageireland.ie\/wp-content\/uploads\/2024\/02\/kerbstone52.jpg 778w, https:\/\/www.worldheritageireland.ie\/wp-content\/uploads\/2024\/02\/kerbstone52-300x199.jpg 300w, https:\/\/www.worldheritageireland.ie\/wp-content\/uploads\/2024\/02\/kerbstone52-768x508.jpg 768w, https:\/\/www.worldheritageireland.ie\/wp-content\/uploads\/2024\/02\/kerbstone52-50x33.jpg 50w\" sizes=\"auto, (max-width: 778px) 100vw, 778px\" \/><\/figure>\n\n\n\n<h3 class=\"wp-block-heading\"><strong>Cloch cholbha Uimhir 52, An Ghr\u00e1inseach Nua Co. na M\u00ed  <\/strong><\/h3>\n\n\n\n<div style=\"height:65px\" aria-hidden=\"true\" class=\"wp-block-spacer\"><\/div>\n\n\n\n<figure class=\"wp-block-image alignwide size-full\"><img loading=\"lazy\" decoding=\"async\" width=\"777\" height=\"519\" src=\"https:\/\/www.worldheritageireland.ie\/wp-content\/uploads\/2024\/02\/kerbstone67.jpg\" alt=\"Cloch cholbha 67 An Ghr&#xE1;inseach Nua\" class=\"wp-image-3193\" srcset=\"https:\/\/www.worldheritageireland.ie\/wp-content\/uploads\/2024\/02\/kerbstone67.jpg 777w, https:\/\/www.worldheritageireland.ie\/wp-content\/uploads\/2024\/02\/kerbstone67-300x200.jpg 300w, https:\/\/www.worldheritageireland.ie\/wp-content\/uploads\/2024\/02\/kerbstone67-768x513.jpg 768w, https:\/\/www.worldheritageireland.ie\/wp-content\/uploads\/2024\/02\/kerbstone67-50x33.jpg 50w\" sizes=\"auto, (max-width: 777px) 100vw, 777px\" \/><\/figure>\n\n\n\n<h3 class=\"wp-block-heading\"><strong>Cloch cholbha Uimhir 67, An Ghr\u00e1inseach Nua Co. na M\u00ed <\/strong><\/h3>\n\n\n\n<p class=\"has-medium-font-size\">Murab ionann na cuasghreanta\u00ed simpl\u00ed agus f\u00e1inn\u00ed a bh\u00edonn le f\u00e1il go coitianta san eala\u00edn charraige amuigh faoin aer, b\u00edonn teacht ar leaganacha n\u00edos casta de shno\u00edod\u00f3ireacht ag coimpl\u00e9isc sh\u00e9adchomhartha\u00ed ailtireachta, ar a dtugtar, tuama\u00ed pas\u00e1iste, agus a t\u00f3gadh chomh maith le linn na tr\u00e9imhse Neoiliteach. Is f\u00e9idir teacht ar an gcine\u00e1l eala\u00edne seo mar dhearadh, at\u00e1 taobh istigh, ar thuama\u00ed meigiliteacha, ar n\u00f3s Cairn B\u00e1n ag Loch Craobh, chomh maith le Clocha colbha m\u00f3ra ag timpeall ar na tuama\u00ed, cos\u00fail leis an saothar teib\u00ed d\u00faisitheach agus na foirmeacha c\u00e9imseat\u00fala at\u00e1 le f\u00e1il ag Br\u00fa na B\u00f3inne sa Ghr\u00e1inseach Nua. <\/p>\n\n\n\n<div style=\"height:65px\" aria-hidden=\"true\" class=\"wp-block-spacer\"><\/div>\n\n\n\n<figure class=\"wp-block-image alignwide size-full\"><img loading=\"lazy\" decoding=\"async\" width=\"2560\" height=\"931\" src=\"https:\/\/www.worldheritageireland.ie\/wp-content\/uploads\/2024\/02\/townley-scaled.jpg\" alt=\"Halla an Toinl&#xED;gh\" class=\"wp-image-3030\" srcset=\"https:\/\/www.worldheritageireland.ie\/wp-content\/uploads\/2024\/02\/townley-scaled.jpg 2560w, https:\/\/www.worldheritageireland.ie\/wp-content\/uploads\/2024\/02\/townley-300x109.jpg 300w, https:\/\/www.worldheritageireland.ie\/wp-content\/uploads\/2024\/02\/townley-1024x372.jpg 1024w, https:\/\/www.worldheritageireland.ie\/wp-content\/uploads\/2024\/02\/townley-768x279.jpg 768w, https:\/\/www.worldheritageireland.ie\/wp-content\/uploads\/2024\/02\/townley-50x18.jpg 50w, https:\/\/www.worldheritageireland.ie\/wp-content\/uploads\/2024\/02\/townley-1600x582.jpg 1600w, https:\/\/www.worldheritageireland.ie\/wp-content\/uploads\/2024\/02\/townley-1536x559.jpg 1536w, https:\/\/www.worldheritageireland.ie\/wp-content\/uploads\/2024\/02\/townley-2048x745.jpg 2048w\" sizes=\"auto, (max-width: 2560px) 100vw, 2560px\" \/><\/figure>\n\n\n\n<h3 class=\"wp-block-heading\"><strong>Halla an Toinl\u00edgh, Co. L\u00fa Louth <\/strong><\/h3>\n\n\n\n<p class=\"has-medium-font-size\">Suite achar gearr \u00f3 thuama\u00ed pas\u00e1iste bre\u00e1tha Bhr\u00fa na B\u00f3inne, t\u00e1 an sampla seo le f\u00e1il ag Halla an Toinl\u00edgh, at\u00e1 beag go leor agus nach bhfuil m\u00f3r\u00e1n suntais le baint as. C\u00e9 go bhfuil c\u00e1il dhomhanda ar Bhr\u00fa na B\u00f3inne at\u00e1 in aice l\u00e1imhe mar gheall ar ail\u00edni\u00fa le h\u00e9ir\u00ed na gr\u00e9ine ag grianstad an gheimhridh, n\u00edl an tr\u00e1cht c\u00e9anna ar ail\u00edni\u00fa Halla an Toinl\u00edgh le h\u00e9ir\u00ed na gr\u00e9ine ag grianstad an tsamhraidh. <\/p>\n\n\n\n<hr class=\"wp-block-separator has-alpha-channel-opacity\"\/>\n\n\n\n<div style=\"height:65px\" aria-hidden=\"true\" class=\"wp-block-spacer\"><\/div>\n\n\n\n<figure class=\"wp-block-image alignwide size-full\" id=\"Wall-6\"><img loading=\"lazy\" decoding=\"async\" width=\"773\" height=\"499\" src=\"https:\/\/www.worldheritageireland.ie\/wp-content\/uploads\/2024\/02\/clonca.png\" alt=\"Cluain Catha\" class=\"wp-image-2973\" srcset=\"https:\/\/www.worldheritageireland.ie\/wp-content\/uploads\/2024\/02\/clonca.png 773w, https:\/\/www.worldheritageireland.ie\/wp-content\/uploads\/2024\/02\/clonca-300x194.png 300w, https:\/\/www.worldheritageireland.ie\/wp-content\/uploads\/2024\/02\/clonca-768x496.png 768w, https:\/\/www.worldheritageireland.ie\/wp-content\/uploads\/2024\/02\/clonca-50x32.png 50w\" sizes=\"auto, (max-width: 773px) 100vw, 773px\" \/><\/figure>\n\n\n\n<h3 class=\"wp-block-heading\"><strong>Cluain Catha, Co. Dh\u00fan na nGall <\/strong><\/h3>\n\n\n\n<p class=\"has-medium-font-size\">T\u00e1 an chros ard seo \u00f3n 9\u00fa haois at\u00e1 i gCluain Catha, ar leithinis Inis Eoghain, leagtha s\u00edos agus ag tabhairt chun cuimhne, san \u00e1it a raibh luath-eaglais at\u00e1 bainteach le Naomh Baoith\u00edn as Iona san Albain, agus d\u00e1 thoradh sin, seo \u00ed an \u00e1it a bhunaigh Naomh Colm Cille, an naomh c\u00e1ili\u00fail as D\u00fan na nGall.<\/p>\n\n\n\n<div style=\"height:65px\" aria-hidden=\"true\" class=\"wp-block-spacer\"><\/div>\n\n\n\n<figure class=\"wp-block-image alignwide size-full\"><img loading=\"lazy\" decoding=\"async\" width=\"755\" height=\"499\" src=\"https:\/\/www.worldheritageireland.ie\/wp-content\/uploads\/2024\/02\/muckrossabbey.png\" alt=\"Mainistir Locha L&#xE9;in\" class=\"wp-image-2994\" srcset=\"https:\/\/www.worldheritageireland.ie\/wp-content\/uploads\/2024\/02\/muckrossabbey.png 755w, https:\/\/www.worldheritageireland.ie\/wp-content\/uploads\/2024\/02\/muckrossabbey-300x198.png 300w, https:\/\/www.worldheritageireland.ie\/wp-content\/uploads\/2024\/02\/muckrossabbey-50x33.png 50w\" sizes=\"auto, (max-width: 755px) 100vw, 755px\" \/><\/figure>\n\n\n\n<h3 class=\"wp-block-heading\"><strong>Mainistir Locha L\u00e9in, Co. Chiarra\u00ed <\/strong><\/h3>\n\n\n\n<p class=\"has-medium-font-size\">Bhunaigh D\u00f3nal \u2018an Daimh\u2019 (an file) Mac C\u00e1rthaigh, tiarna Gaelach iarthar Chiarra\u00ed, Mainistir Locha L\u00e9in, ar bhruach Loch L\u00e9in, timpeall na bliana AD1440. T\u00e1 fothracha na mainistreach de chuid na Proinsiasaigh thar a bheith sl\u00e1n, agus t\u00e1 s\u00e9 ar cheann de na mainistreacha \u00f3 r\u00e9 na luath-mhe\u00e1naoise is fearr a ndearnadh caomhn\u00fa ar a cuid fothrach, aon \u00e1it ar fud na hEorpa. <\/p>\n\n\n\n<div style=\"height:65px\" aria-hidden=\"true\" class=\"wp-block-spacer\"><\/div>\n\n\n\n<figure class=\"wp-block-image alignwide size-full\"><img loading=\"lazy\" decoding=\"async\" width=\"756\" height=\"500\" src=\"https:\/\/www.worldheritageireland.ie\/wp-content\/uploads\/2024\/02\/innisfallen.png\" alt=\"Inis Faithlinn\" class=\"wp-image-2982\" srcset=\"https:\/\/www.worldheritageireland.ie\/wp-content\/uploads\/2024\/02\/innisfallen.png 756w, https:\/\/www.worldheritageireland.ie\/wp-content\/uploads\/2024\/02\/innisfallen-300x198.png 300w, https:\/\/www.worldheritageireland.ie\/wp-content\/uploads\/2024\/02\/innisfallen-50x33.png 50w\" sizes=\"auto, (max-width: 756px) 100vw, 756px\" \/><\/figure>\n\n\n\n<h3 class=\"wp-block-heading\"><strong>Inis Faithlinn, Loch L\u00e9in, Co. Chiarra\u00ed <\/strong><\/h3>\n\n\n\n<p class=\"has-medium-font-size\">Le linn an 6\u00fa haois, deirtear gur bhunaigh Naomh Finian mainistir ar oile\u00e1n Inis Faithlinn, ar Loch L\u00e9in, ceann de Lochanna Chill Airne, a bhfuil c\u00e1il dhomhanda bainte amach acu. Le linn an 12\u00fa haois, chuir Can\u00f3naigh Rialta Naomh Agaist\u00edn f\u00fathu ansin agus rinne siad an mhainistir a athr\u00fa, ach ag am c\u00e9anna ch\u00f3im\u00e9ad mar a bh\u00ed cuid de na seaneaglais ar an oile\u00e1n. <\/p>\n\n\n\n<div style=\"height:65px\" aria-hidden=\"true\" class=\"wp-block-spacer\"><\/div>\n\n\n\n<figure class=\"wp-block-image alignwide size-full\"><img loading=\"lazy\" decoding=\"async\" width=\"919\" height=\"609\" src=\"https:\/\/www.worldheritageireland.ie\/wp-content\/uploads\/2024\/02\/brownshilldolmen.png\" alt=\"Dolmain Chnoc an Bhr&#xFA;naigh\" class=\"wp-image-2967\" srcset=\"https:\/\/www.worldheritageireland.ie\/wp-content\/uploads\/2024\/02\/brownshilldolmen.png 919w, https:\/\/www.worldheritageireland.ie\/wp-content\/uploads\/2024\/02\/brownshilldolmen-300x199.png 300w, https:\/\/www.worldheritageireland.ie\/wp-content\/uploads\/2024\/02\/brownshilldolmen-768x509.png 768w, https:\/\/www.worldheritageireland.ie\/wp-content\/uploads\/2024\/02\/brownshilldolmen-50x33.png 50w\" sizes=\"auto, (max-width: 919px) 100vw, 919px\" \/><\/figure>\n\n\n\n<h3 class=\"wp-block-heading\"><strong>Dolmain Chnoc an Bhr\u00fanaigh, Co. Cheatharlach <\/strong><\/h3>\n\n\n\n<p class=\"has-medium-font-size\">T\u00f3gadh an tuama ursanach seo, gur fearr aithne go h\u00e1iti\u00fail air mar Dholmain Chnoc an Bhr\u00fanaigh, timpeall na bliana 3500 RCh. T\u00e1 s\u00e9 r\u00e1ite go bhfuil 100 tonna me\u00e1chain (100,000kg) sa liag mhullaigh mh\u00f3r mhillteach eibhir, an liag mhullaigh is m\u00f3 at\u00e1 ar aon tuama meigiliteach in \u00c9irinn. <\/p>\n\n\n\n<div style=\"height:65px\" aria-hidden=\"true\" class=\"wp-block-spacer\"><\/div>\n\n\n\n<figure class=\"wp-block-image alignwide size-full\"><img loading=\"lazy\" decoding=\"async\" width=\"808\" height=\"609\" src=\"https:\/\/www.worldheritageireland.ie\/wp-content\/uploads\/2024\/02\/uraghstone.png\" alt=\"Ciorcal Liag na hI&#xFA;ra&#xED;\" class=\"wp-image-2997\" srcset=\"https:\/\/www.worldheritageireland.ie\/wp-content\/uploads\/2024\/02\/uraghstone.png 808w, https:\/\/www.worldheritageireland.ie\/wp-content\/uploads\/2024\/02\/uraghstone-300x226.png 300w, https:\/\/www.worldheritageireland.ie\/wp-content\/uploads\/2024\/02\/uraghstone-768x579.png 768w, https:\/\/www.worldheritageireland.ie\/wp-content\/uploads\/2024\/02\/uraghstone-50x38.png 50w\" sizes=\"auto, (max-width: 808px) 100vw, 808px\" \/><\/figure>\n\n\n\n<h3 class=\"wp-block-heading\"><strong>Ciorcal Liag na hI\u00fara\u00ed, Co. Chiarra\u00ed <\/strong><\/h3>\n\n\n\n<p class=\"has-medium-font-size\">T\u00e1 ciorcal liag agus gall\u00e1n na hI\u00fara\u00ed, a t\u00f3gadh timpeall 1500RCh, suite os cionn Loch Inse Choinn. N\u00edl ach c\u00faig chloch sa chiorcal beag searmanais, a bhfuil gall\u00e1n ollmh\u00f3r, at\u00e1 3 mheadar ar airde, in aice leis. <\/p>\n\n\n\n<hr class=\"wp-block-separator has-alpha-channel-opacity\"\/>\n\n\n\n<div style=\"height:65px\" aria-hidden=\"true\" class=\"wp-block-spacer\"><\/div>\n\n\n\n<figure class=\"wp-block-image alignwide size-full\" id=\"Wall-8\"><img loading=\"lazy\" decoding=\"async\" width=\"1713\" height=\"1341\" src=\"https:\/\/www.worldheritageireland.ie\/wp-content\/uploads\/2024\/02\/jamesfort.png\" alt=\"An Seandaingean, Cionn tS&#xE1;ile\" class=\"wp-image-2985\" srcset=\"https:\/\/www.worldheritageireland.ie\/wp-content\/uploads\/2024\/02\/jamesfort.png 1713w, https:\/\/www.worldheritageireland.ie\/wp-content\/uploads\/2024\/02\/jamesfort-300x235.png 300w, https:\/\/www.worldheritageireland.ie\/wp-content\/uploads\/2024\/02\/jamesfort-1024x802.png 1024w, https:\/\/www.worldheritageireland.ie\/wp-content\/uploads\/2024\/02\/jamesfort-768x601.png 768w, https:\/\/www.worldheritageireland.ie\/wp-content\/uploads\/2024\/02\/jamesfort-50x39.png 50w, https:\/\/www.worldheritageireland.ie\/wp-content\/uploads\/2024\/02\/jamesfort-1600x1253.png 1600w, https:\/\/www.worldheritageireland.ie\/wp-content\/uploads\/2024\/02\/jamesfort-1536x1202.png 1536w\" sizes=\"auto, (max-width: 1713px) 100vw, 1713px\" \/><\/figure>\n\n\n\n<h3 class=\"wp-block-heading\"><strong>A<\/strong><strong>n Seandaingean, Cionn tS\u00e1ile, Co. Chorca\u00ed <\/strong><\/h3>\n\n\n\n<p class=\"has-medium-font-size\">I 1601, th\u00e1inig arm ollmh\u00f3r de shaighdi\u00fair\u00ed Sp\u00e1inneacha i dt\u00edr in iarthar Chorca\u00ed, ar chuireadh \u00f3 thiarna\u00ed Gaelacha a bh\u00ed i mbun feachtais a mhair deich mbliana i gcoinne riail Shasana. Ba \u00e9 an toradh a bh\u00ed leis seo n\u00e1 Cath Chionn tS\u00e1ile, nuair a bh\u00ed bua gan choinne ag f\u00f3rsa\u00ed cor\u00f3nacha Shasana, agus d\u00e1 bharr seo, cuireadh deireadh go deo, ar go leor beala\u00ed, le saol me\u00e1naoiseach na h\u00c9ireann. Chuaigh rialtas Shasana i mbun feachtas gasta ar mhaithe le c\u00f3sta an deiscirt a chosaint agus na daingni\u00fach\u00e1in is nua-aimseartha \u00e1 dt\u00f3g\u00e1il acu. Cuireadh t\u00fas i m\u00ed Feabhra 1602, le hurdh\u00fan a raibh cruth peinteag\u00e1nach air a th\u00f3g\u00e1il, ar mhaithe le Cuan Chionn tS\u00e1ile a chosaint. Tugadh t\u00f3g\u00e1il an urdh\u00fain chun cr\u00edche in 1604 agus baineadh feidhm as ar fud an 17\u00fa haois.    <\/p>\n\n\n\n<div style=\"height:65px\" aria-hidden=\"true\" class=\"wp-block-spacer\"><\/div>\n\n\n\n<figure class=\"wp-block-image alignwide size-full\"><img loading=\"lazy\" decoding=\"async\" width=\"1119\" height=\"551\" src=\"https:\/\/www.worldheritageireland.ie\/wp-content\/uploads\/2024\/02\/ballycrovaneogham.png\" alt=\"Cloch Oghaim Bh&#xE9;al an Churraigh Bh&#xE1;in\" class=\"wp-image-2961\" srcset=\"https:\/\/www.worldheritageireland.ie\/wp-content\/uploads\/2024\/02\/ballycrovaneogham.png 1119w, https:\/\/www.worldheritageireland.ie\/wp-content\/uploads\/2024\/02\/ballycrovaneogham-300x148.png 300w, https:\/\/www.worldheritageireland.ie\/wp-content\/uploads\/2024\/02\/ballycrovaneogham-1024x504.png 1024w, https:\/\/www.worldheritageireland.ie\/wp-content\/uploads\/2024\/02\/ballycrovaneogham-768x378.png 768w, https:\/\/www.worldheritageireland.ie\/wp-content\/uploads\/2024\/02\/ballycrovaneogham-50x25.png 50w\" sizes=\"auto, (max-width: 1119px) 100vw, 1119px\" \/><\/figure>\n\n\n\n<h3 class=\"wp-block-heading\"><strong>Cloch Oghaim Bh\u00e9al an Churraigh Bh\u00e1in, Co. Chorca\u00ed <\/strong><\/h3>\n\n\n\n<p class=\"has-medium-font-size\">Seo \u00e9 ceann de na gall\u00e1in r\u00e9amhstairi\u00fail is airde in \u00c9irinn agus \u00e9 suite os cionn Chuan Bh\u00e9al an Churraigh Bh\u00e1in in iarthar Chorca\u00ed. Agus \u00e9 beagnach 5 mhe\u00e1dar ar airde, n\u00edor bhac duine n\u00e1 deora\u00ed leis ar feadh os cionn m\u00edle bliain, n\u00f3 gur greanadh inscr\u00edbhinn oghaim ar thaobh amh\u00e1in den chloch i gcuimhne ar mhuintir U\u00ed Thorna, ceannair\u00ed mhe\u00e1naoiseacha an r\u00e9igi\u00fain. <\/p>\n\n\n\n<div style=\"height:65px\" aria-hidden=\"true\" class=\"wp-block-spacer\"><\/div>\n\n\n\n<figure class=\"wp-block-image alignwide size-full\"><img loading=\"lazy\" decoding=\"async\" width=\"1119\" height=\"602\" src=\"https:\/\/www.worldheritageireland.ie\/wp-content\/uploads\/2024\/02\/beltanystone.png\" alt=\"Ciorcal Liag na Bealtaine\" class=\"wp-image-2964\" srcset=\"https:\/\/www.worldheritageireland.ie\/wp-content\/uploads\/2024\/02\/beltanystone.png 1119w, https:\/\/www.worldheritageireland.ie\/wp-content\/uploads\/2024\/02\/beltanystone-300x161.png 300w, https:\/\/www.worldheritageireland.ie\/wp-content\/uploads\/2024\/02\/beltanystone-1024x551.png 1024w, https:\/\/www.worldheritageireland.ie\/wp-content\/uploads\/2024\/02\/beltanystone-768x413.png 768w, https:\/\/www.worldheritageireland.ie\/wp-content\/uploads\/2024\/02\/beltanystone-50x27.png 50w\" sizes=\"auto, (max-width: 1119px) 100vw, 1119px\" \/><\/figure>\n\n\n\n<h3 class=\"wp-block-heading\"><strong>Ciorcal Liag na Bealtaine, Co. Dh\u00fan na nGall <\/strong><\/h3>\n\n\n\n<p class=\"has-medium-font-size\">Suite in aice R\u00e1th Bhoth i nD\u00fan na nGall, seo \u00e9 ceann de na liagchiorcail is m\u00f3 in \u00c9irinn, t\u00e1 64 cloch ann, iad leagtha s\u00edos i gciorcal agus \u00e9 beagnach 45 m\u00e9adar ar trastomhas. Tugtar Ciorcal Liag na <em>Bealtaine<\/em> air, baisteadh an t-ainm sin air mar gheall ar fh\u00e9ile \u00e1rsa Bhealtaine, ag t\u00fas mh\u00ed Bealtaine, nuair a chuirtear t\u00fas go traidisi\u00fanta le samhradh na h\u00c9ireann. <\/p>\n\n\n\n<hr class=\"wp-block-separator has-alpha-channel-opacity\"\/>\n\n\n\n<div style=\"height:65px\" aria-hidden=\"true\" class=\"wp-block-spacer\"><\/div>\n\n\n\n<figure class=\"wp-block-image alignwide size-full\" id=\"Wall-9\"><img loading=\"lazy\" decoding=\"async\" width=\"1428\" height=\"922\" src=\"https:\/\/www.worldheritageireland.ie\/wp-content\/uploads\/2024\/02\/rockofcashel.png\" alt=\"Carraig Ph&#xE1;draig\" class=\"wp-image-3081\" srcset=\"https:\/\/www.worldheritageireland.ie\/wp-content\/uploads\/2024\/02\/rockofcashel.png 1428w, https:\/\/www.worldheritageireland.ie\/wp-content\/uploads\/2024\/02\/rockofcashel-300x194.png 300w, https:\/\/www.worldheritageireland.ie\/wp-content\/uploads\/2024\/02\/rockofcashel-1024x661.png 1024w, https:\/\/www.worldheritageireland.ie\/wp-content\/uploads\/2024\/02\/rockofcashel-768x496.png 768w, https:\/\/www.worldheritageireland.ie\/wp-content\/uploads\/2024\/02\/rockofcashel-50x32.png 50w\" sizes=\"auto, (max-width: 1428px) 100vw, 1428px\" \/><\/figure>\n\n\n\n<h3 class=\"wp-block-heading\"><strong>Carraig Ph\u00e1draig, Co. Thiobraid \u00c1rann <\/strong><\/h3>\n\n\n\n<p class=\"has-medium-font-size\">\u00d3 th\u00fas an tsaoil th\u00e1inig Carraig Ph\u00e1draig chun cinn mar chomhartha de r\u00edogacht na Mumhan, suas go dt\u00ed AD1101, nuair a bhronn Muirchertach Ua Briain Carraig Ph\u00e1draig ar an eaglais \u2018mar ofr\u00e1il ar son Naomh P\u00e1draig agus an Tiarna\u2019. Sa l\u00e1 at\u00e1 inniu ann, i dteannta na carraige, t\u00e1 cloigtheach a th\u00e9ann siar go dt\u00ed luath sa 12\u00fa haois (sampla maith de chloigtheach \u00c9ireannach), s\u00e9ip\u00e9al R\u00f3mh\u00e1n\u00fail agus an ardeaglais \u00f3n me\u00e1naoiseach d\u00e9anach is bre\u00e1tha at\u00e1 f\u00f3s ann in \u00c9irinn. I dteannta a ch\u00e9ile, is iml\u00ednte aitheanta den sp\u00e9irl\u00edne \u00e1iti\u00fail iad agus n\u00ed fh\u00e9adfar dearmad a dh\u00e9anamh orthu.  <\/p>\n\n\n\n<hr class=\"wp-block-separator has-alpha-channel-opacity\"\/>\n\n\n\n<div style=\"height:65px\" aria-hidden=\"true\" class=\"wp-block-spacer\"><\/div>\n\n\n\n<figure class=\"wp-block-image alignwide size-full\" id=\"Wall-11\"><img loading=\"lazy\" decoding=\"async\" width=\"1379\" height=\"723\" src=\"https:\/\/www.worldheritageireland.ie\/wp-content\/uploads\/2024\/02\/hillofslane.png\" alt=\"Mullach Bhaile Shl&#xE1;ine\" class=\"wp-image-2976\" srcset=\"https:\/\/www.worldheritageireland.ie\/wp-content\/uploads\/2024\/02\/hillofslane.png 1379w, https:\/\/www.worldheritageireland.ie\/wp-content\/uploads\/2024\/02\/hillofslane-300x157.png 300w, https:\/\/www.worldheritageireland.ie\/wp-content\/uploads\/2024\/02\/hillofslane-1024x537.png 1024w, https:\/\/www.worldheritageireland.ie\/wp-content\/uploads\/2024\/02\/hillofslane-768x403.png 768w, https:\/\/www.worldheritageireland.ie\/wp-content\/uploads\/2024\/02\/hillofslane-50x26.png 50w\" sizes=\"auto, (max-width: 1379px) 100vw, 1379px\" \/><\/figure>\n\n\n\n<h3 class=\"wp-block-heading\"><strong>Mullach Bhaile Shl\u00e1ine, Co. na M\u00ed <\/strong><\/h3>\n\n\n\n<p class=\"has-medium-font-size\">T\u00e1 fothrach s\u00e9ip\u00e9il a tr\u00e9igeadh in 1712, in aice le barr Mhullach Bhaile Shl\u00e1ine, s\u00e9ip\u00e9al a buna\u00edodh ar dt\u00fas faoi Naomh Erc, sa 5\u00fa haois, bh\u00ed seisean ar dhuine de na ch\u00e9ad mhisin\u00e9ir\u00ed a th\u00e1inig go h\u00c9irinn agus ba dheisceabal de chuid Naomh P\u00e1draig \u00e9. In aice l\u00e1imhe, t\u00e1 iarsma\u00ed de Chol\u00e1iste can\u00f3naigh, a bhunaigh Sir Christopher Fleming agus a bhean ch\u00e9ile Elizabeth Stuckly sa bhliain 1512. <\/p>\n\n\n\n<div style=\"height:65px\" aria-hidden=\"true\" class=\"wp-block-spacer\"><\/div>\n\n\n\n<figure class=\"wp-block-image alignwide size-full\"><img loading=\"lazy\" decoding=\"async\" width=\"1379\" height=\"635\" src=\"https:\/\/www.worldheritageireland.ie\/wp-content\/uploads\/2024\/02\/moynefriary.png\" alt=\"Mainistir na Maighne\" class=\"wp-image-2991\" srcset=\"https:\/\/www.worldheritageireland.ie\/wp-content\/uploads\/2024\/02\/moynefriary.png 1379w, https:\/\/www.worldheritageireland.ie\/wp-content\/uploads\/2024\/02\/moynefriary-300x138.png 300w, https:\/\/www.worldheritageireland.ie\/wp-content\/uploads\/2024\/02\/moynefriary-1024x472.png 1024w, https:\/\/www.worldheritageireland.ie\/wp-content\/uploads\/2024\/02\/moynefriary-768x354.png 768w, https:\/\/www.worldheritageireland.ie\/wp-content\/uploads\/2024\/02\/moynefriary-50x23.png 50w\" sizes=\"auto, (max-width: 1379px) 100vw, 1379px\" \/><\/figure>\n\n\n\n<h3 class=\"wp-block-heading\"><strong>Mainistir na Maighne, Co. Mhaigh Eo <\/strong><\/h3>\n\n\n\n<p class=\"has-medium-font-size\">Bhunaigh ord Observantaigh na bProinsiasach, Mainistir na Maighne, at\u00e1 suite ar chladaigh thiar Chuan Chill Ala, timpeall na bliana 1455. Is fothrach at\u00e1 sa choimpl\u00e9asc foirgnimh, sa l\u00e1 at\u00e1 inniu ann ach seachas sin, t\u00e1 siad ar na mainistreacha Proinsiasaigh is sl\u00e1ine at\u00e1 le f\u00e1il in aon \u00e1it ar fud na hEorpa. <\/p>\n\n\n\n<hr class=\"wp-block-separator has-alpha-channel-opacity\"\/>\n\n\n\n<div style=\"height:65px\" aria-hidden=\"true\" class=\"wp-block-spacer\"><\/div>\n\n\n\n<figure class=\"wp-block-image alignwide size-full\" id=\"Wall-12\"><img loading=\"lazy\" decoding=\"async\" width=\"859\" height=\"547\" src=\"https:\/\/www.worldheritageireland.ie\/wp-content\/uploads\/2024\/02\/clarewallpaintings.png\" alt=\"Mainistir Chliara\" class=\"wp-image-2970\" srcset=\"https:\/\/www.worldheritageireland.ie\/wp-content\/uploads\/2024\/02\/clarewallpaintings.png 859w, https:\/\/www.worldheritageireland.ie\/wp-content\/uploads\/2024\/02\/clarewallpaintings-300x191.png 300w, https:\/\/www.worldheritageireland.ie\/wp-content\/uploads\/2024\/02\/clarewallpaintings-768x489.png 768w, https:\/\/www.worldheritageireland.ie\/wp-content\/uploads\/2024\/02\/clarewallpaintings-50x32.png 50w\" sizes=\"auto, (max-width: 859px) 100vw, 859px\" \/><\/figure>\n\n\n\n<h3 class=\"wp-block-heading\"><strong>Mainistir Chliara, Saothair Mh\u00fareala\u00edne, Co. Mhaigh Eo <\/strong><\/h3>\n\n\n\n<p class=\"has-medium-font-size\">Ba ghn\u00e9 choiteann iad na m\u00farphicti\u00fair tr\u00e1th. Bh\u00ed siad le f\u00e1il i bhfoirgnimh reiligi\u00fanacha agus shaolta go d\u00e9anach sa mhe\u00e1naois ar fud na h\u00c9ireann, ach is beag ceann acu a bh\u00ed in ann an ceann is fearr a fh\u00e1il ar aer\u00e1id thais na h\u00c9ireann agus, mar sin, is rud iontach ar leith \u00e9 gur th\u00e1inig na picti\u00fair seo sl\u00e1n, agus iad ar oile\u00e1n iarg\u00falta san Atlantach. Bh\u00ed mainistir Chist\u00e9irseach Mhainistir Chnoc Muaidhe, Co, na Gaillimhe i bhfeighil ar an s\u00e9ip\u00e9al beag seo agus ba \u00ed an mhainistir Chist\u00e9irseach ba fhaide siar san Eoraip \u00ed, le linn thr\u00e9imhse na Me\u00e1naoiseacha d\u00e9anacha. T\u00e1 an ts\u00edle\u00e1il luscach os cionn an tsaingil cl\u00fadaithe ag radhairc p\u00e9inte\u00e1ilte ar leith. C\u00e9 gur radhairc reiligi\u00fanacha, gan amhras cuid acu, is cinn fhantaiseacha cuid eile ar n\u00f3s gr\u00edobh agus drag\u00fan. T\u00e1 radhairc at\u00e1 ag cur s\u00edos ar shealgaireacht le f\u00e1il ann chomh maith, lena n-\u00e1ir\u00edtear, carria faoi ionsa\u00ed ag c\u00fanna. Bhreathna\u00edt\u00ed ar an gcarria mar shuaitheantas ar an aonarachas, geanmna\u00edocht agus uaisleacht, mar sin, c\u00e9 go gceapf\u00e1, i dt\u00fas b\u00e1ire, gur radharc saolta a bh\u00ed anseo, is \u00e9 f\u00edrinne an sc\u00e9il n\u00e1 go raibh ciall dhomhain reiligi\u00fanach leis, mar chomhartha ar an streachailt idir an Chr\u00edosta\u00edocht agus an t-olc.      <\/p>\n\n\n\n<hr class=\"wp-block-separator has-alpha-channel-opacity\"\/>\n\n\n\n<div style=\"height:65px\" aria-hidden=\"true\" class=\"wp-block-spacer\"><\/div>\n\n\n\n<figure class=\"wp-block-image alignwide size-full\" id=\"Wall-13\"><img loading=\"lazy\" decoding=\"async\" width=\"1104\" height=\"1350\" src=\"https:\/\/www.worldheritageireland.ie\/wp-content\/uploads\/2024\/02\/inishkea.png\" alt=\"Inis G&#xE9; Thuaidh\" class=\"wp-image-2979\" srcset=\"https:\/\/www.worldheritageireland.ie\/wp-content\/uploads\/2024\/02\/inishkea.png 1104w, https:\/\/www.worldheritageireland.ie\/wp-content\/uploads\/2024\/02\/inishkea-245x300.png 245w, https:\/\/www.worldheritageireland.ie\/wp-content\/uploads\/2024\/02\/inishkea-837x1024.png 837w, https:\/\/www.worldheritageireland.ie\/wp-content\/uploads\/2024\/02\/inishkea-768x939.png 768w, https:\/\/www.worldheritageireland.ie\/wp-content\/uploads\/2024\/02\/inishkea-50x61.png 50w\" sizes=\"auto, (max-width: 1104px) 100vw, 1104px\" \/><\/figure>\n\n\n\n<h3 class=\"wp-block-heading\"><strong>Snoite\u00e1n de Ch\u00e9asadh Chr\u00edost, Inis G\u00e9 Thuaidh, Co. Mhaigh Eo <\/strong><\/h3>\n\n\n\n<p class=\"has-medium-font-size\">T\u00e1 Oile\u00e1in Inis G\u00e9 i measc na n-oile\u00e1n is iarg\u00falta amach \u00f3 ch\u00f3sta thiar na h\u00c9ireann. Mealladh an oiread sin bun\u00fais heirm\u00e9iteacha i ndiaidh a ch\u00e9ile le linn an 7<sup>\u00fa<\/sup> agus 8<sup>\u00fa<\/sup> haois AD, go d\u00edreach mar gheall ar c\u00e9 chomh iarg\u00falta is a bh\u00ed na hoile\u00e1in seo san Atlantach. T\u00e1 iarsma\u00ed de mhainistir bheag, at\u00e1 tiomnaithe do Naomh Colm Cille ar an oile\u00e1n is faide \u00f3 thuaidh de dh\u00e1 oile\u00e1n Inis G\u00e9, lena n-\u00e1ir\u00edtear ceann de na snoite\u00e1in de Ch\u00e9asadh Chr\u00edost de chuid na h\u00c9ireann, is luaithe a bhfuil eolas air, a bhaineann le deireadh an 7<sup>\u00fa<\/sup> haois is d\u00f3cha.  <\/p>\n\n\n\n<hr class=\"wp-block-separator has-alpha-channel-opacity\"\/>\n\n\n\n<div style=\"height:65px\" aria-hidden=\"true\" class=\"wp-block-spacer\"><\/div>\n\n\n\n<figure class=\"wp-block-image alignwide size-full\" id=\"Wall-14\"><img loading=\"lazy\" decoding=\"async\" width=\"821\" height=\"1346\" src=\"https:\/\/www.worldheritageireland.ie\/wp-content\/uploads\/2024\/02\/jerpoint.png\" alt=\"Mainistir Sheireap&#xFA;in\" class=\"wp-image-2988\" srcset=\"https:\/\/www.worldheritageireland.ie\/wp-content\/uploads\/2024\/02\/jerpoint.png 821w, https:\/\/www.worldheritageireland.ie\/wp-content\/uploads\/2024\/02\/jerpoint-183x300.png 183w, https:\/\/www.worldheritageireland.ie\/wp-content\/uploads\/2024\/02\/jerpoint-625x1024.png 625w, https:\/\/www.worldheritageireland.ie\/wp-content\/uploads\/2024\/02\/jerpoint-768x1259.png 768w, https:\/\/www.worldheritageireland.ie\/wp-content\/uploads\/2024\/02\/jerpoint-50x82.png 50w\" sizes=\"auto, (max-width: 821px) 100vw, 821px\" \/><\/figure>\n\n\n\n<h3 class=\"wp-block-heading\"><strong>Mainistir Sheireap\u00fain, Sno\u00edod\u00f3ireacht Cloiche, Co. Chill Chainnigh <\/strong><\/h3>\n\n\n\n<p class=\"has-medium-font-size\">Is f\u00e9idir radharc a fh\u00e1il den sno\u00edod\u00f3ireacht seo ar thuama\u00ed at\u00e1 snoite ag sno\u00edod\u00f3ir cloiche, Rory O\u2019Tunney as Cill Chainnigh, timpeall l\u00e1r an 16\u00fa haois. T\u00e1 teacht ar na tuama\u00ed seo taobh istigh de sh\u00e9ip\u00e9al mhainistir Chist\u00e9irseach ag Mainistir Sheireap\u00fain agus roghnaigh na teaghlaigh a rinne iad a choimisi\u00fan\u00fa, na haspail agus na naoimh ba mh\u00f3 a raibh gean acu orthu. Cuirtear radharc de S\u00edom\u00f3n D\u00edograiseoir agus Naomh Tom\u00e1s ar na s\u00faile d\u00fainn anseo, agus s\u00e1bh agus cla\u00edomh ina l\u00e1mha acu (siombail do mhairt\u00edreacht na beirte faoi seach), agus ceaptar gurbh \u00e9 Naomh I\u00fad (Thaddeus) an duine at\u00e1 \u00e1 l\u00e9iri\u00fa sa l\u00e1r.  <\/p>\n\n\n\n<div style=\"height:65px\" aria-hidden=\"true\" class=\"wp-block-spacer\"><\/div>\n<\/div><\/div>\n","protected":false},"excerpt":{"rendered":"<p>S\u00e9adchomhartha\u00ed i bhF\u00f3cas: Taisc\u00e9ala\u00edocht Radhairc ar Oidhreacht Seand\u00e1la\u00edochta na h\u00c9ireann Is iarsma\u00ed inbhraite de stair at\u00e1 thar a bheith casta agus tarraingteach iad s\u00e9adchomhartha\u00ed seand\u00e1la\u00edochta na h\u00c9ireann. Tugann 150,000 s\u00e9adchomhartha seand\u00e1la\u00edochta aithnid na h\u00c9ireann l\u00e9argas ar lonna\u00edocht daonna thar thr\u00e9imhse 12,000 bliain, mar chuid de th\u00edrdhreach oidhreachta at\u00e1 leabaithe i gcreatlach uile na t\u00edre. Baineann [&hellip;]<\/p>\n","protected":false},"author":7,"featured_media":0,"parent":0,"menu_order":0,"comment_status":"closed","ping_status":"closed","template":"","meta":{"_acf_changed":false,"_uag_custom_page_level_css":"","site-sidebar-layout":"default","site-content-layout":"","ast-site-content-layout":"full-width-container","site-content-style":"default","site-sidebar-style":"default","ast-global-header-display":"","ast-banner-title-visibility":"","ast-main-header-display":"","ast-hfb-above-header-display":"","ast-hfb-below-header-display":"","ast-hfb-mobile-header-display":"","site-post-title":"","ast-breadcrumbs-content":"","ast-featured-img":"","footer-sml-layout":"","ast-disable-related-posts":"","theme-transparent-header-meta":"","adv-header-id-meta":"","stick-header-meta":"","header-above-stick-meta":"","header-main-stick-meta":"","header-below-stick-meta":"","astra-migrate-meta-layouts":"default","ast-page-background-enabled":"default","ast-page-background-meta":{"desktop":{"background-color":"var(--ast-global-color-4)","background-image":"","background-repeat":"repeat","background-position":"center center","background-size":"auto","background-attachment":"scroll","background-type":"","background-media":"","overlay-type":"","overlay-color":"","overlay-opacity":"","overlay-gradient":""},"tablet":{"background-color":"","background-image":"","background-repeat":"repeat","background-position":"center center","background-size":"auto","background-attachment":"scroll","background-type":"","background-media":"","overlay-type":"","overlay-color":"","overlay-opacity":"","overlay-gradient":""},"mobile":{"background-color":"","background-image":"","background-repeat":"repeat","background-position":"center center","background-size":"auto","background-attachment":"scroll","background-type":"","background-media":"","overlay-type":"","overlay-color":"","overlay-opacity":"","overlay-gradient":""}},"ast-content-background-meta":{"desktop":{"background-color":"var(--ast-global-color-5)","background-image":"","background-repeat":"repeat","background-position":"center center","background-size":"auto","background-attachment":"scroll","background-type":"","background-media":"","overlay-type":"","overlay-color":"","overlay-opacity":"","overlay-gradient":""},"tablet":{"background-color":"var(--ast-global-color-5)","background-image":"","background-repeat":"repeat","background-position":"center center","background-size":"auto","background-attachment":"scroll","background-type":"","background-media":"","overlay-type":"","overlay-color":"","overlay-opacity":"","overlay-gradient":""},"mobile":{"background-color":"var(--ast-global-color-5)","background-image":"","background-repeat":"repeat","background-position":"center center","background-size":"auto","background-attachment":"scroll","background-type":"","background-media":"","overlay-type":"","overlay-color":"","overlay-opacity":"","overlay-gradient":""}},"pgc_sgb_lightbox_settings":"","footnotes":""},"categories":[],"tags":[],"class_list":["post-3208","page","type-page","status-publish","hentry"],"acf":[],"yoast_head":"<!-- This site is optimized with the Yoast SEO plugin v27.5 - https:\/\/yoast.com\/product\/yoast-seo-wordpress\/ -->\n<title>S\u00e9adchomhartha\u00ed i bhF\u00f3cas - Oidhreacht Dhomhanda na h\u00c9ireann<\/title>\n<meta name=\"robots\" content=\"index, follow, max-snippet:-1, max-image-preview:large, max-video-preview:-1\" \/>\n<link rel=\"canonical\" href=\"https:\/\/www.worldheritageireland.ie\/ga\/seadchomharthai-i-bhfocas\/\" \/>\n<meta property=\"og:locale\" content=\"ga_IE\" \/>\n<meta property=\"og:type\" content=\"article\" \/>\n<meta property=\"og:title\" content=\"S\u00e9adchomhartha\u00ed i bhF\u00f3cas - Oidhreacht Dhomhanda na h\u00c9ireann\" \/>\n<meta property=\"og:description\" content=\"S\u00e9adchomhartha\u00ed i bhF\u00f3cas: Taisc\u00e9ala\u00edocht Radhairc ar Oidhreacht Seand\u00e1la\u00edochta na h\u00c9ireann Is iarsma\u00ed inbhraite de stair at\u00e1 thar a bheith casta agus tarraingteach iad s\u00e9adchomhartha\u00ed seand\u00e1la\u00edochta na h\u00c9ireann. Tugann 150,000 s\u00e9adchomhartha seand\u00e1la\u00edochta aithnid na h\u00c9ireann l\u00e9argas ar lonna\u00edocht daonna thar thr\u00e9imhse 12,000 bliain, mar chuid de th\u00edrdhreach oidhreachta at\u00e1 leabaithe i gcreatlach uile na t\u00edre. Baineann [&hellip;]\" \/>\n<meta property=\"og:url\" content=\"https:\/\/www.worldheritageireland.ie\/ga\/seadchomharthai-i-bhfocas\/\" \/>\n<meta property=\"og:site_name\" content=\"Oidhreacht Dhomhanda na h\u00c9ireann\" \/>\n<meta property=\"article:publisher\" content=\"https:\/\/www.facebook.com\/NationalMons\/\" \/>\n<meta property=\"article:modified_time\" content=\"2025-01-10T11:00:05+00:00\" \/>\n<meta property=\"og:image\" content=\"https:\/\/www.worldheritageireland.ie\/wp-content\/uploads\/2024\/02\/9-1024x374.png\" \/>\n\t<meta property=\"og:image:width\" content=\"1024\" \/>\n\t<meta property=\"og:image:height\" content=\"374\" \/>\n\t<meta property=\"og:image:type\" content=\"image\/png\" \/>\n<meta name=\"twitter:card\" content=\"summary_large_image\" \/>\n<meta name=\"twitter:site\" content=\"@NationalMons\" \/>\n<meta name=\"twitter:label1\" content=\"Est. reading time\" \/>\n\t<meta name=\"twitter:data1\" content=\"17 minutes\" \/>\n<script type=\"application\/ld+json\" class=\"yoast-schema-graph\">{\"@context\":\"https:\\\/\\\/schema.org\",\"@graph\":[{\"@type\":\"WebPage\",\"@id\":\"https:\\\/\\\/www.worldheritageireland.ie\\\/ga\\\/seadchomharthai-i-bhfocas\\\/\",\"url\":\"https:\\\/\\\/www.worldheritageireland.ie\\\/ga\\\/seadchomharthai-i-bhfocas\\\/\",\"name\":\"S\u00e9adchomhartha\u00ed i bhF\u00f3cas - Oidhreacht Dhomhanda na h\u00c9ireann\",\"isPartOf\":{\"@id\":\"https:\\\/\\\/www.worldheritageireland.ie\\\/ga\\\/#website\"},\"primaryImageOfPage\":{\"@id\":\"https:\\\/\\\/www.worldheritageireland.ie\\\/ga\\\/seadchomharthai-i-bhfocas\\\/#primaryimage\"},\"image\":{\"@id\":\"https:\\\/\\\/www.worldheritageireland.ie\\\/ga\\\/seadchomharthai-i-bhfocas\\\/#primaryimage\"},\"thumbnailUrl\":\"https:\\\/\\\/www.worldheritageireland.ie\\\/wp-content\\\/uploads\\\/2024\\\/02\\\/9.png\",\"datePublished\":\"2024-01-29T14:54:09+00:00\",\"dateModified\":\"2025-01-10T11:00:05+00:00\",\"breadcrumb\":{\"@id\":\"https:\\\/\\\/www.worldheritageireland.ie\\\/ga\\\/seadchomharthai-i-bhfocas\\\/#breadcrumb\"},\"inLanguage\":\"ga-IE\",\"potentialAction\":[{\"@type\":\"ReadAction\",\"target\":[\"https:\\\/\\\/www.worldheritageireland.ie\\\/ga\\\/seadchomharthai-i-bhfocas\\\/\"]}]},{\"@type\":\"ImageObject\",\"inLanguage\":\"ga-IE\",\"@id\":\"https:\\\/\\\/www.worldheritageireland.ie\\\/ga\\\/seadchomharthai-i-bhfocas\\\/#primaryimage\",\"url\":\"https:\\\/\\\/www.worldheritageireland.ie\\\/wp-content\\\/uploads\\\/2024\\\/02\\\/9.png\",\"contentUrl\":\"https:\\\/\\\/www.worldheritageireland.ie\\\/wp-content\\\/uploads\\\/2024\\\/02\\\/9.png\"},{\"@type\":\"BreadcrumbList\",\"@id\":\"https:\\\/\\\/www.worldheritageireland.ie\\\/ga\\\/seadchomharthai-i-bhfocas\\\/#breadcrumb\",\"itemListElement\":[{\"@type\":\"ListItem\",\"position\":1,\"name\":\"Home\",\"item\":\"https:\\\/\\\/www.worldheritageireland.ie\\\/ga\\\/\"},{\"@type\":\"ListItem\",\"position\":2,\"name\":\"S\u00e9adchomhartha\u00ed i bhF\u00f3cas\"}]},{\"@type\":\"WebSite\",\"@id\":\"https:\\\/\\\/www.worldheritageireland.ie\\\/ga\\\/#website\",\"url\":\"https:\\\/\\\/www.worldheritageireland.ie\\\/ga\\\/\",\"name\":\"Oidhreacht Dhomhanda na h\u00c9ireann\",\"description\":\"Ireland&#039;s Tentative World Heritage\",\"publisher\":{\"@id\":\"https:\\\/\\\/www.worldheritageireland.ie\\\/ga\\\/#organization\"},\"potentialAction\":[{\"@type\":\"SearchAction\",\"target\":{\"@type\":\"EntryPoint\",\"urlTemplate\":\"https:\\\/\\\/www.worldheritageireland.ie\\\/ga\\\/?s={search_term_string}\"},\"query-input\":{\"@type\":\"PropertyValueSpecification\",\"valueRequired\":true,\"valueName\":\"search_term_string\"}}],\"inLanguage\":\"ga-IE\"},{\"@type\":\"Organization\",\"@id\":\"https:\\\/\\\/www.worldheritageireland.ie\\\/ga\\\/#organization\",\"name\":\"Department of Housing, Local Government and Heritage\",\"url\":\"https:\\\/\\\/www.worldheritageireland.ie\\\/ga\\\/\",\"logo\":{\"@type\":\"ImageObject\",\"inLanguage\":\"ga-IE\",\"@id\":\"https:\\\/\\\/www.worldheritageireland.ie\\\/ga\\\/#\\\/schema\\\/logo\\\/image\\\/\",\"url\":\"https:\\\/\\\/www.worldheritageireland.ie\\\/wp-content\\\/uploads\\\/2023\\\/07\\\/unesco_wh_in_Ireland_Blue_180_trans.png\",\"contentUrl\":\"https:\\\/\\\/www.worldheritageireland.ie\\\/wp-content\\\/uploads\\\/2023\\\/07\\\/unesco_wh_in_Ireland_Blue_180_trans.png\",\"width\":181,\"height\":181,\"caption\":\"Department of Housing, Local Government and Heritage\"},\"image\":{\"@id\":\"https:\\\/\\\/www.worldheritageireland.ie\\\/ga\\\/#\\\/schema\\\/logo\\\/image\\\/\"},\"sameAs\":[\"https:\\\/\\\/www.facebook.com\\\/NationalMons\\\/\",\"https:\\\/\\\/x.com\\\/NationalMons\"]}]}<\/script>\n<!-- \/ Yoast SEO plugin. -->","yoast_head_json":{"title":"S\u00e9adchomhartha\u00ed i bhF\u00f3cas - Oidhreacht Dhomhanda na h\u00c9ireann","robots":{"index":"index","follow":"follow","max-snippet":"max-snippet:-1","max-image-preview":"max-image-preview:large","max-video-preview":"max-video-preview:-1"},"canonical":"https:\/\/www.worldheritageireland.ie\/ga\/seadchomharthai-i-bhfocas\/","og_locale":"ga_IE","og_type":"article","og_title":"S\u00e9adchomhartha\u00ed i bhF\u00f3cas - Oidhreacht Dhomhanda na h\u00c9ireann","og_description":"S\u00e9adchomhartha\u00ed i bhF\u00f3cas: Taisc\u00e9ala\u00edocht Radhairc ar Oidhreacht Seand\u00e1la\u00edochta na h\u00c9ireann Is iarsma\u00ed inbhraite de stair at\u00e1 thar a bheith casta agus tarraingteach iad s\u00e9adchomhartha\u00ed seand\u00e1la\u00edochta na h\u00c9ireann. Tugann 150,000 s\u00e9adchomhartha seand\u00e1la\u00edochta aithnid na h\u00c9ireann l\u00e9argas ar lonna\u00edocht daonna thar thr\u00e9imhse 12,000 bliain, mar chuid de th\u00edrdhreach oidhreachta at\u00e1 leabaithe i gcreatlach uile na t\u00edre. Baineann [&hellip;]","og_url":"https:\/\/www.worldheritageireland.ie\/ga\/seadchomharthai-i-bhfocas\/","og_site_name":"Oidhreacht Dhomhanda na h\u00c9ireann","article_publisher":"https:\/\/www.facebook.com\/NationalMons\/","article_modified_time":"2025-01-10T11:00:05+00:00","og_image":[{"width":1024,"height":374,"url":"https:\/\/www.worldheritageireland.ie\/wp-content\/uploads\/2024\/02\/9-1024x374.png","type":"image\/png"}],"twitter_card":"summary_large_image","twitter_site":"@NationalMons","twitter_misc":{"Est. reading time":"17 minutes"},"schema":{"@context":"https:\/\/schema.org","@graph":[{"@type":"WebPage","@id":"https:\/\/www.worldheritageireland.ie\/ga\/seadchomharthai-i-bhfocas\/","url":"https:\/\/www.worldheritageireland.ie\/ga\/seadchomharthai-i-bhfocas\/","name":"S\u00e9adchomhartha\u00ed i bhF\u00f3cas - Oidhreacht Dhomhanda na h\u00c9ireann","isPartOf":{"@id":"https:\/\/www.worldheritageireland.ie\/ga\/#website"},"primaryImageOfPage":{"@id":"https:\/\/www.worldheritageireland.ie\/ga\/seadchomharthai-i-bhfocas\/#primaryimage"},"image":{"@id":"https:\/\/www.worldheritageireland.ie\/ga\/seadchomharthai-i-bhfocas\/#primaryimage"},"thumbnailUrl":"https:\/\/www.worldheritageireland.ie\/wp-content\/uploads\/2024\/02\/9.png","datePublished":"2024-01-29T14:54:09+00:00","dateModified":"2025-01-10T11:00:05+00:00","breadcrumb":{"@id":"https:\/\/www.worldheritageireland.ie\/ga\/seadchomharthai-i-bhfocas\/#breadcrumb"},"inLanguage":"ga-IE","potentialAction":[{"@type":"ReadAction","target":["https:\/\/www.worldheritageireland.ie\/ga\/seadchomharthai-i-bhfocas\/"]}]},{"@type":"ImageObject","inLanguage":"ga-IE","@id":"https:\/\/www.worldheritageireland.ie\/ga\/seadchomharthai-i-bhfocas\/#primaryimage","url":"https:\/\/www.worldheritageireland.ie\/wp-content\/uploads\/2024\/02\/9.png","contentUrl":"https:\/\/www.worldheritageireland.ie\/wp-content\/uploads\/2024\/02\/9.png"},{"@type":"BreadcrumbList","@id":"https:\/\/www.worldheritageireland.ie\/ga\/seadchomharthai-i-bhfocas\/#breadcrumb","itemListElement":[{"@type":"ListItem","position":1,"name":"Home","item":"https:\/\/www.worldheritageireland.ie\/ga\/"},{"@type":"ListItem","position":2,"name":"S\u00e9adchomhartha\u00ed i bhF\u00f3cas"}]},{"@type":"WebSite","@id":"https:\/\/www.worldheritageireland.ie\/ga\/#website","url":"https:\/\/www.worldheritageireland.ie\/ga\/","name":"Oidhreacht Dhomhanda na h\u00c9ireann","description":"Ireland&#039;s Tentative World Heritage","publisher":{"@id":"https:\/\/www.worldheritageireland.ie\/ga\/#organization"},"potentialAction":[{"@type":"SearchAction","target":{"@type":"EntryPoint","urlTemplate":"https:\/\/www.worldheritageireland.ie\/ga\/?s={search_term_string}"},"query-input":{"@type":"PropertyValueSpecification","valueRequired":true,"valueName":"search_term_string"}}],"inLanguage":"ga-IE"},{"@type":"Organization","@id":"https:\/\/www.worldheritageireland.ie\/ga\/#organization","name":"Department of Housing, Local Government and Heritage","url":"https:\/\/www.worldheritageireland.ie\/ga\/","logo":{"@type":"ImageObject","inLanguage":"ga-IE","@id":"https:\/\/www.worldheritageireland.ie\/ga\/#\/schema\/logo\/image\/","url":"https:\/\/www.worldheritageireland.ie\/wp-content\/uploads\/2023\/07\/unesco_wh_in_Ireland_Blue_180_trans.png","contentUrl":"https:\/\/www.worldheritageireland.ie\/wp-content\/uploads\/2023\/07\/unesco_wh_in_Ireland_Blue_180_trans.png","width":181,"height":181,"caption":"Department of Housing, Local Government and Heritage"},"image":{"@id":"https:\/\/www.worldheritageireland.ie\/ga\/#\/schema\/logo\/image\/"},"sameAs":["https:\/\/www.facebook.com\/NationalMons\/","https:\/\/x.com\/NationalMons"]}]}},"spectra_custom_meta":{"adv-header-id-meta":[""],"stick-header-meta":[""],"site-post-title":[""],"theme-transparent-header-meta":[""],"_yoast_wpseo_primary_category":[""],"ast-site-content-layout":["full-width-container"],"_top_nav_excluded":[""],"_cms_nav_minihome":[""],"_last_translation_edit_mode":["translation-editor"],"_cmplz_scanned_post":["1"],"_cmplz_remote_scanned_post":["1"],"related_links":["a:1:{i:0;s:0:\"\";}"],"_uag_css_file_name":["uag-css-3208.css"],"_uagb_previous_block_counts":["a:90:{s:21:\"uagb\/advanced-heading\";i:0;s:15:\"uagb\/blockquote\";i:0;s:12:\"uagb\/buttons\";i:0;s:18:\"uagb\/buttons-child\";i:0;s:19:\"uagb\/call-to-action\";i:0;s:15:\"uagb\/cf7-styler\";i:0;s:11:\"uagb\/column\";i:0;s:12:\"uagb\/columns\";i:0;s:14:\"uagb\/container\";i:0;s:21:\"uagb\/content-timeline\";i:0;s:27:\"uagb\/content-timeline-child\";i:0;s:14:\"uagb\/countdown\";i:0;s:12:\"uagb\/counter\";i:0;s:8:\"uagb\/faq\";i:0;s:14:\"uagb\/faq-child\";i:0;s:10:\"uagb\/forms\";i:0;s:17:\"uagb\/forms-accept\";i:0;s:19:\"uagb\/forms-checkbox\";i:0;s:15:\"uagb\/forms-date\";i:0;s:16:\"uagb\/forms-email\";i:0;s:17:\"uagb\/forms-hidden\";i:0;s:15:\"uagb\/forms-name\";i:0;s:16:\"uagb\/forms-phone\";i:0;s:16:\"uagb\/forms-radio\";i:0;s:17:\"uagb\/forms-select\";i:0;s:19:\"uagb\/forms-textarea\";i:0;s:17:\"uagb\/forms-toggle\";i:0;s:14:\"uagb\/forms-url\";i:0;s:14:\"uagb\/gf-styler\";i:0;s:15:\"uagb\/google-map\";i:0;s:11:\"uagb\/how-to\";i:0;s:16:\"uagb\/how-to-step\";i:0;s:9:\"uagb\/icon\";i:0;s:14:\"uagb\/icon-list\";i:0;s:20:\"uagb\/icon-list-child\";i:0;s:10:\"uagb\/image\";i:0;s:18:\"uagb\/image-gallery\";i:0;s:13:\"uagb\/info-box\";i:0;s:18:\"uagb\/inline-notice\";i:0;s:11:\"uagb\/lottie\";i:0;s:21:\"uagb\/marketing-button\";i:0;s:10:\"uagb\/modal\";i:0;s:18:\"uagb\/popup-builder\";i:0;s:16:\"uagb\/post-button\";i:0;s:18:\"uagb\/post-carousel\";i:0;s:17:\"uagb\/post-excerpt\";i:0;s:14:\"uagb\/post-grid\";i:0;s:15:\"uagb\/post-image\";i:0;s:17:\"uagb\/post-masonry\";i:0;s:14:\"uagb\/post-meta\";i:0;s:18:\"uagb\/post-taxonomy\";i:0;s:18:\"uagb\/post-timeline\";i:0;s:15:\"uagb\/post-title\";i:0;s:20:\"uagb\/restaurant-menu\";i:0;s:26:\"uagb\/restaurant-menu-child\";i:0;s:11:\"uagb\/review\";i:0;s:12:\"uagb\/section\";i:0;s:14:\"uagb\/separator\";i:0;s:11:\"uagb\/slider\";i:0;s:17:\"uagb\/slider-child\";i:0;s:17:\"uagb\/social-share\";i:0;s:23:\"uagb\/social-share-child\";i:0;s:16:\"uagb\/star-rating\";i:0;s:23:\"uagb\/sure-cart-checkout\";i:0;s:22:\"uagb\/sure-cart-product\";i:0;s:15:\"uagb\/sure-forms\";i:0;s:22:\"uagb\/table-of-contents\";i:0;s:9:\"uagb\/tabs\";i:0;s:15:\"uagb\/tabs-child\";i:0;s:18:\"uagb\/taxonomy-list\";i:0;s:9:\"uagb\/team\";i:0;s:16:\"uagb\/testimonial\";i:0;s:14:\"uagb\/wp-search\";i:0;s:19:\"uagb\/instagram-feed\";i:0;s:10:\"uagb\/login\";i:0;s:17:\"uagb\/loop-builder\";i:0;s:18:\"uagb\/loop-category\";i:0;s:20:\"uagb\/loop-pagination\";i:0;s:15:\"uagb\/loop-reset\";i:0;s:16:\"uagb\/loop-search\";i:0;s:14:\"uagb\/loop-sort\";i:0;s:17:\"uagb\/loop-wrapper\";i:0;s:13:\"uagb\/register\";i:0;s:19:\"uagb\/register-email\";i:0;s:24:\"uagb\/register-first-name\";i:0;s:23:\"uagb\/register-last-name\";i:0;s:22:\"uagb\/register-password\";i:0;s:30:\"uagb\/register-reenter-password\";i:0;s:19:\"uagb\/register-terms\";i:0;s:22:\"uagb\/register-username\";i:0;}"],"_uag_page_assets":["a:9:{s:3:\"css\";s:0:\"\";s:2:\"js\";s:0:\"\";s:18:\"current_block_list\";a:18:{i:0;s:10:\"core\/image\";i:1;s:10:\"core\/group\";i:2;s:12:\"core\/heading\";i:3;s:14:\"core\/paragraph\";i:4;s:11:\"core\/spacer\";i:5;s:28:\"tiptip\/hyperlink-group-block\";i:6;s:14:\"core\/separator\";i:7;s:11:\"core\/search\";i:8;s:17:\"core\/latest-posts\";i:9;s:20:\"core\/latest-comments\";i:10;s:13:\"core\/archives\";i:11;s:15:\"core\/categories\";i:12;s:20:\"outermost\/icon-block\";i:13;s:12:\"core\/columns\";i:14;s:11:\"core\/column\";i:15;s:9:\"core\/list\";i:16;s:14:\"core\/list-item\";i:17;s:20:\"nextend\/smartslider3\";}s:8:\"uag_flag\";b:0;s:11:\"uag_version\";s:10:\"1777473999\";s:6:\"gfonts\";a:0:{}s:10:\"gfonts_url\";s:0:\"\";s:12:\"gfonts_files\";a:0:{}s:14:\"uag_faq_layout\";b:0;}"]},"uagb_featured_image_src":{"full":false,"thumbnail":false,"medium":false,"medium_large":false,"large":false,"gs-tiny":false,"xl":false,"xxl":false,"xxxl":false,"xxxxl":false,"xxxxxl":false,"1536x1536":false,"2048x2048":false},"uagb_author_info":{"display_name":"Andrew Brennan","author_link":"https:\/\/www.worldheritageireland.ie\/ga\/author\/andrew-brennan\/"},"uagb_comment_info":0,"uagb_excerpt":"S\u00e9adchomhartha\u00ed i bhF\u00f3cas: Taisc\u00e9ala\u00edocht Radhairc ar Oidhreacht Seand\u00e1la\u00edochta na h\u00c9ireann Is iarsma\u00ed inbhraite de stair at\u00e1 thar a bheith casta agus tarraingteach iad s\u00e9adchomhartha\u00ed seand\u00e1la\u00edochta na h\u00c9ireann. Tugann 150,000 s\u00e9adchomhartha seand\u00e1la\u00edochta aithnid na h\u00c9ireann l\u00e9argas ar lonna\u00edocht daonna thar thr\u00e9imhse 12,000 bliain, mar chuid de th\u00edrdhreach oidhreachta at\u00e1 leabaithe i gcreatlach uile na t\u00edre. Baineann&hellip;","_links":{"self":[{"href":"https:\/\/www.worldheritageireland.ie\/ga\/wp-json\/wp\/v2\/pages\/3208","targetHints":{"allow":["GET"]}}],"collection":[{"href":"https:\/\/www.worldheritageireland.ie\/ga\/wp-json\/wp\/v2\/pages"}],"about":[{"href":"https:\/\/www.worldheritageireland.ie\/ga\/wp-json\/wp\/v2\/types\/page"}],"author":[{"embeddable":true,"href":"https:\/\/www.worldheritageireland.ie\/ga\/wp-json\/wp\/v2\/users\/7"}],"replies":[{"embeddable":true,"href":"https:\/\/www.worldheritageireland.ie\/ga\/wp-json\/wp\/v2\/comments?post=3208"}],"version-history":[{"count":2,"href":"https:\/\/www.worldheritageireland.ie\/ga\/wp-json\/wp\/v2\/pages\/3208\/revisions"}],"predecessor-version":[{"id":3210,"href":"https:\/\/www.worldheritageireland.ie\/ga\/wp-json\/wp\/v2\/pages\/3208\/revisions\/3210"}],"wp:attachment":[{"href":"https:\/\/www.worldheritageireland.ie\/ga\/wp-json\/wp\/v2\/media?parent=3208"}],"wp:term":[{"taxonomy":"category","embeddable":true,"href":"https:\/\/www.worldheritageireland.ie\/ga\/wp-json\/wp\/v2\/categories?post=3208"},{"taxonomy":"post_tag","embeddable":true,"href":"https:\/\/www.worldheritageireland.ie\/ga\/wp-json\/wp\/v2\/tags?post=3208"}],"curies":[{"name":"wp","href":"https:\/\/api.w.org\/{rel}","templated":true}]}}